{"id":340176,"date":"2021-05-28T14:53:00","date_gmt":"2021-05-28T14:53:00","guid":{"rendered":"https:\/\/glasscannedwines.com\/prensa\/"},"modified":"2025-07-03T09:13:59","modified_gmt":"2025-07-03T09:13:59","slug":"prensa","status":"publish","type":"page","link":"https:\/\/glasscannedwines.com\/es\/prensa\/","title":{"rendered":"Reconocimientos y prensa"},"content":{"rendered":"<p>[et_pb_section fb_built=\u00bb1&#8243; custom_padding_last_edited=\u00bbon|tablet\u00bb admin_label=\u00bbLive With You Blurbs &#8211; Freddie\u00bb module_class=\u00bbfreddie_live_with_you_blurbs\u00bb _builder_version=\u00bb4.27.4&#8243; background_enable_color=\u00bboff\u00bb custom_margin=\u00bb||-150px|||\u00bb custom_padding=\u00bb60px||10px||false|false\u00bb custom_padding_tablet=\u00bb||60px\u00bb custom_padding_phone=\u00bb\u00bb z_index_tablet=\u00bb500&#8243; global_colors_info=\u00bb{}\u00bb][et_pb_row _builder_version=\u00bb4.16&#8243; max_width=\u00bb1170px\u00bb custom_padding=\u00bb||10px\u00bb global_colors_info=\u00bb{}\u00bb][et_pb_column type=\u00bb4_4&#8243; _builder_version=\u00bb4.16&#8243; custom_padding=\u00bb|||\u00bb global_colors_info=\u00bb{}\u00bb custom_padding__hover=\u00bb|||\u00bb][et_pb_cta title=\u00bbPremios que avalan nuestra excelencia\u00bb admin_label=\u00bbLive With You Blurbs &#8211; Freddie &#8211; Call To Action\u00bb _builder_version=\u00bb4.27.4&#8243; header_font=\u00bbPoppins|300||on|||||\u00bb header_text_color=\u00bb#000000&#8243; header_font_size=\u00bb18px\u00bb header_line_height=\u00bb120%\u00bb body_font=\u00bbPoppins|700|||||||\u00bb body_text_color=\u00bb#000000&#8243; body_font_size=\u00bb40px\u00bb body_line_height=\u00bb140%\u00bb use_background_color=\u00bboff\u00bb body_font_size_tablet=\u00bb22px\u00bb body_font_size_phone=\u00bb20px\u00bb body_font_size_last_edited=\u00bbon|phone\u00bb z_index_tablet=\u00bb500&#8243; custom_css_promo_description=\u00bbfont-weight: 400 !important;\u00bb custom_css_promo_title=\u00bbfont-weight: 400 !important;||    padding-bottom: 23px;\u00bb global_colors_info=\u00bb{}\u00bb]<\/p>\n<p>RECONOCIMIENTOS<\/p>\n<p>[\/et_pb_cta][\/et_pb_column][\/et_pb_row][et_pb_row column_structure=\u00bb1_5,1_5,1_5,1_5,1_5&#8243; _builder_version=\u00bb4.27.4&#8243; _module_preset=\u00bbdefault\u00bb width=\u00bb58%\u00bb max_width=\u00bb1088px\u00bb min_height=\u00bb524.2px\u00bb custom_margin=\u00bb|auto|-76px|auto||\u00bb custom_padding=\u00bb|||0px|false|false\u00bb hover_enabled=\u00bb0&#8243; global_colors_info=\u00bb{}\u00bb sticky_enabled=\u00bb0&#8243;][et_pb_column type=\u00bb1_5&#8243; _builder_version=\u00bb4.27.4&#8243; _module_preset=\u00bbdefault\u00bb global_colors_info=\u00bb{}\u00bb][et_pb_text _builder_version=\u00bb4.27.4&#8243; _module_preset=\u00bbdefault\u00bb global_colors_info=\u00bb{}\u00bb]<\/p>\n<p><img loading=\"lazy\" decoding=\"async\" src=\"https:\/\/glasscannedwines.com\/wp-content\/uploads\/2025\/01\/Diseno-sin-titulo-2-300x169.png\" width=\"300\" height=\"169\" alt=\"\" class=\"wp-image-387891 alignnone size-medium\"><\/p>\n<p style=\"text-align: center;\">INTERNATIONAL CANNED WINE COMPETITION<\/p>\n<p style=\"text-align: center;\">CALIFORNIA (EE.UU.) &#8211; AGOSTO 2021<\/p>\n<p style=\"text-align: center;\"><strong>MEDALLA DE ORO AL EMBALAJE<\/strong><\/p>\n<p style=\"text-align: center;\"><strong>MEDALLA DE ORO AL ESCUMOSO BLANCO<\/strong><\/p>\n<p>[\/et_pb_text][\/et_pb_column][et_pb_column type=\u00bb1_5&#8243; _builder_version=\u00bb4.27.4&#8243; _module_preset=\u00bbdefault\u00bb global_colors_info=\u00bb{}\u00bb][et_pb_text _builder_version=\u00bb4.27.4&#8243; _module_preset=\u00bbdefault\u00bb global_colors_info=\u00bb{}\u00bb]<\/p>\n<p><img loading=\"lazy\" decoding=\"async\" src=\"https:\/\/glasscannedwines.com\/wp-content\/uploads\/2025\/01\/Diseno-sin-titulo-3-300x169.png\" width=\"300\" height=\"169\" alt=\"\" class=\"wp-image-387894 alignnone size-medium\" style=\"display: block; margin-left: auto; margin-right: auto;\"><\/p>\n<p style=\"text-align: center;\">PENTAWARDS COMPETITION<\/p>\n<p style=\"text-align: center;\">LONDRES (REINO UNIDO) &#8211; SEPTIEMBRE 2021<\/p>\n<p style=\"text-align: center;\"><strong>MEDALLA DE PLATA<\/strong><\/p>\n<p>[\/et_pb_text][\/et_pb_column][et_pb_column type=\u00bb1_5&#8243; _builder_version=\u00bb4.27.4&#8243; _module_preset=\u00bbdefault\u00bb global_colors_info=\u00bb{}\u00bb][et_pb_text _builder_version=\u00bb4.27.4&#8243; _module_preset=\u00bbdefault\u00bb global_colors_info=\u00bb{}\u00bb]<\/p>\n<p><img loading=\"lazy\" decoding=\"async\" src=\"https:\/\/glasscannedwines.com\/wp-content\/uploads\/2025\/01\/Diseno-sin-titulo-1-300x169.png\" width=\"300\" height=\"169\" alt=\"\" class=\"wp-image-387888 alignnone size-medium\" style=\"display: block; margin-left: auto; margin-right: auto;\"><\/p>\n<p style=\"text-align: center;\">LONDON WINE COMPETITION<\/p>\n<p style=\"text-align: center;\">LONDRES (REINO UNIDO) &#8211; ABRIL 2022<\/p>\n<p style=\"text-align: center;\"><strong>MEDALLA DE PLATA AL ESCUMOSO BLANCO<\/strong><\/p>\n<p style=\"text-align: center;\"><strong>MEDALLA DE BRONCE AL ESCUMOSO ROSADO<\/strong><\/p>\n<p style=\"text-align: center;\"><strong>MEDALLA DE BRONCE A LA SANGR\u00cdA CL\u00c1SSICA<\/strong><\/p>\n<p>[\/et_pb_text][\/et_pb_column][et_pb_column type=\u00bb1_5&#8243; _builder_version=\u00bb4.27.4&#8243; _module_preset=\u00bbdefault\u00bb global_colors_info=\u00bb{}\u00bb][et_pb_text _builder_version=\u00bb4.27.4&#8243; _module_preset=\u00bbdefault\u00bb text_orientation=\u00bbcenter\u00bb global_colors_info=\u00bb{}\u00bb]<\/p>\n<p><img loading=\"lazy\" decoding=\"async\" src=\"https:\/\/glasscannedwines.com\/wp-content\/uploads\/2025\/01\/Diseno-sin-titulo-300x169.png\" width=\"300\" height=\"169\" alt=\"\" class=\"wp-image-387878 alignnone size-medium\" style=\"display: block; margin-left: auto; margin-right: auto;\"><\/p>\n<p style=\"text-align: center;\">ASIA AWARDS<\/p>\n<p style=\"text-align: center;\">MAYO 2022<\/p>\n<p style=\"text-align: center;\"><strong>MEDALLA DE ORO A LA SANGR\u00cdA CL\u00c1SSICA<\/strong><\/p>\n<p style=\"text-align: center;\"><strong>MEDALLA DE ORO A LA SANGR\u00cdA ROS\u00c9<\/strong><\/p>\n<p style=\"text-align: center;\"><strong>MEDALLA DE ORO A LA SANGR\u00cdA TROPICAL<\/strong><\/p>\n<p style=\"text-align: center;\">\n<p>[\/et_pb_text][\/et_pb_column][et_pb_column type=\u00bb1_5&#8243; _builder_version=\u00bb4.27.4&#8243; _module_preset=\u00bbdefault\u00bb global_colors_info=\u00bb{}\u00bb][et_pb_text _builder_version=\u00bb4.27.4&#8243; _module_preset=\u00bbdefault\u00bb hover_enabled=\u00bb0&#8243; sticky_enabled=\u00bb0&#8243;]<\/p>\n<p style=\"text-align: center;\"><img loading=\"lazy\" decoding=\"async\" src=\"https:\/\/glasscannedwines.com\/wp-content\/uploads\/2025\/07\/Medalles-ICWA-group-300x169.png\" width=\"300\" height=\"169\" alt=\"\" class=\"wp-image-388533 alignnone size-medium\" \/>ICWA AWARDS<\/p>\n<p style=\"text-align: center;\">JUNIO 2025<\/p>\n<p style=\"text-align: center;\"><strong>MEDALLA DE ORO AL SPRITZ DE NARANJA<\/strong><\/p>\n<p style=\"text-align: center;\"><strong>MEDALLA DE BRONCE AL SPRITZ DE LIM\u00d3N<\/strong><\/p>\n<p style=\"text-align: center;\"><strong>MEDALLA DE BRONCE AL TINTO DE VERANO<\/strong><\/p>\n<p>[\/et_pb_text][\/et_pb_column][\/et_pb_row][\/et_pb_section][et_pb_section fb_built=\u00bb1&#8243; custom_padding_last_edited=\u00bbon|tablet\u00bb admin_label=\u00bbLive With You Blurbs &#8211; Freddie\u00bb module_class=\u00bbfreddie_live_with_you_blurbs\u00bb _builder_version=\u00bb4.27.4&#8243; background_enable_color=\u00bboff\u00bb min_height=\u00bb5035.8px\u00bb custom_margin=\u00bb98px|||||\u00bb custom_padding=\u00bb111px||121px||false|false\u00bb custom_padding_tablet=\u00bb||60px\u00bb custom_padding_phone=\u00bb\u00bb z_index_tablet=\u00bb500&#8243; global_colors_info=\u00bb{}\u00bb][et_pb_row _builder_version=\u00bb4.16&#8243; max_width=\u00bb1170px\u00bb custom_padding=\u00bb||10px\u00bb global_colors_info=\u00bb{}\u00bb][et_pb_column type=\u00bb4_4&#8243; _builder_version=\u00bb4.16&#8243; custom_padding=\u00bb|||\u00bb global_colors_info=\u00bb{}\u00bb custom_padding__hover=\u00bb|||\u00bb][et_pb_cta title=\u00bb\u00bfQU\u00c9 DICEN DE NOSOTROS? \u00bb admin_label=\u00bbLive With You Blurbs &#8211; Freddie &#8211; Call To Action\u00bb _builder_version=\u00bb4.27.4&#8243; header_font=\u00bbPoppins|300||on|||||\u00bb header_text_color=\u00bb#000000&#8243; header_font_size=\u00bb18px\u00bb header_line_height=\u00bb120%\u00bb body_font=\u00bbPoppins|700|||||||\u00bb body_text_color=\u00bb#000000&#8243; body_font_size=\u00bb40px\u00bb body_line_height=\u00bb140%\u00bb use_background_color=\u00bboff\u00bb body_font_size_tablet=\u00bb22px\u00bb body_font_size_phone=\u00bb20px\u00bb body_font_size_last_edited=\u00bbon|phone\u00bb z_index_tablet=\u00bb500&#8243; custom_css_promo_description=\u00bbfont-weight: 400 !important;\u00bb custom_css_promo_title=\u00bbfont-weight: 400 !important;||    padding-bottom: 23px;\u00bb global_colors_info=\u00bb{}\u00bb]<\/p>\n<p>PRENSA<\/p>\n<p>[\/et_pb_cta][\/et_pb_column][\/et_pb_row][et_pb_row column_structure=\u00bb1_3,1_3,1_3&#8243; use_custom_gutter=\u00bbon\u00bb gutter_width=\u00bb2&#8243; disabled_on=\u00bboff|off|off\u00bb _builder_version=\u00bb4.27.4&#8243; max_width=\u00bb1170px\u00bb min_height=\u00bb412px\u00bb custom_padding=\u00bb||0px|||\u00bb custom_css_main_element=\u00bbz-index: 15;\u00bb global_colors_info=\u00bb{}\u00bb][et_pb_column type=\u00bb1_3&#8243; _builder_version=\u00bb4.16&#8243; custom_padding=\u00bb|||\u00bb link_option_url=\u00bbhttps:\/\/www.packagingoftheworld.com\/2021\/01\/glass-canned-wines.html\u00bb link_option_url_new_window=\u00bbon\u00bb global_colors_info=\u00bb{}\u00bb custom_padding__hover=\u00bb|||\u00bb][et_pb_blurb title=\u00bbPackaging of the world\u00bb title_last_edited=\u00bboff|desktop\u00bb admin_label=\u00bbLive With You Blurbs &#8211; Freddie &#8211; Blurb\u00bb _builder_version=\u00bb4.27.4&#8243; header_font=\u00bb||||||||\u00bb header_text_color=\u00bb#000000&#8243; header_font_size=\u00bb24px\u00bb header_line_height=\u00bb120%\u00bb body_font=\u00bb||||||||\u00bb body_text_color=\u00bb#a3a3a3&#8243; body_letter_spacing=\u00bb0.2px\u00bb body_line_height=\u00bb180%\u00bb body_link_text_color=\u00bb#000000&#8243; background_image=\u00bbhttps:\/\/glasscannedwines.com\/wp-content\/uploads\/2025\/02\/Diapositiva1.png\u00bb background_size=\u00bbcontain\u00bb background_position=\u00bbtop_center\u00bb background_vertical_offset=\u00bb0%\u00bb text_orientation=\u00bbcenter\u00bb animation=\u00bboff\u00bb header_font_size_tablet=\u00bb18px\u00bb header_font_size_phone=\u00bb\u00bb header_font_size_last_edited=\u00bbon|tablet\u00bb z_index_tablet=\u00bb500&#8243; custom_css_blurb_image=\u00bbmargin-bottom: 0;||\u00bb custom_css_blurb_title=\u00bbfont-weight: 400 !important;||padding: 0 !important;||letter-spacing: 0 !important;\u00bb border_width_all=\u00bb1px\u00bb global_colors_info=\u00bb{}\u00bb title__hover_enabled=\u00bboff|desktop\u00bb]<\/p>\n<p><em><span>Our client, the company Aluvinum, detected the success that canned wine is having in the US, especially among the younger public.<\/span><\/em><\/p>\n<p><em>\u00a0<\/em><\/p>\n<p><em><\/em><\/p>\n<p>[\/et_pb_blurb][\/et_pb_column][et_pb_column type=\u00bb1_3&#8243; _builder_version=\u00bb4.27.4&#8243; custom_padding=\u00bb|||\u00bb link_option_url=\u00bbhttps:\/\/glasscannedwines.com\/el-vi-en-llauna-arriba-a-catalunya-de-la-ma-de-glass-canned-wines\/\u00bb link_option_url_new_window=\u00bbon\u00bb global_colors_info=\u00bb{}\u00bb custom_padding__hover=\u00bb|||\u00bb][et_pb_blurb title=\u00bbNaci\u00f3 Digital\u00bb admin_label=\u00bbLive With You Blurbs &#8211; Freddie &#8211; Blurb\u00bb _builder_version=\u00bb4.27.4&#8243; header_font=\u00bb||||||||\u00bb header_text_color=\u00bb#000000&#8243; header_font_size=\u00bb24px\u00bb header_line_height=\u00bb120%\u00bb body_font=\u00bb||||||||\u00bb body_text_color=\u00bb#a3a3a3&#8243; body_letter_spacing=\u00bb0.2px\u00bb body_line_height=\u00bb180%\u00bb body_link_text_color=\u00bb#000000&#8243; background_image=\u00bbhttps:\/\/glasscannedwines.com\/wp-content\/uploads\/2025\/02\/nacio-3-2-1.png\u00bb background_size=\u00bbcontain\u00bb background_position=\u00bbtop_center\u00bb text_orientation=\u00bbcenter\u00bb min_height=\u00bb197px\u00bb animation=\u00bboff\u00bb header_font_size_tablet=\u00bb18px\u00bb header_font_size_phone=\u00bb\u00bb header_font_size_last_edited=\u00bbon|tablet\u00bb z_index_tablet=\u00bb500&#8243; custom_css_blurb_image=\u00bbmargin-bottom: 0;\u00bb custom_css_blurb_title=\u00bbfont-weight: 400 !important;||padding: 0 !important;||letter-spacing: 0 !important;\u00bb border_width_all=\u00bb1px\u00bb locked=\u00bboff\u00bb global_colors_info=\u00bb{}\u00bb]<\/p>\n<p><strong>El vi en llauna arriba a Catalunya<\/strong><\/p>\n<p><em>De la m\u00e0 d\u2019Aluvinum Wines, empresa penedesenca, neix la marca de vins catalans en llauna Glass Canned Wines.<\/em><\/p>\n<p>&nbsp;<\/p>\n<p>&nbsp;<\/p>\n<p>[\/et_pb_blurb][\/et_pb_column][et_pb_column type=\u00bb1_3&#8243; _builder_version=\u00bb4.16&#8243; custom_padding=\u00bb|||\u00bb link_option_url=\u00bbhttps:\/\/www.gastrotalkers.cat\/noticies\/etiqueta\/Glass+Canned+Wines\u00bb link_option_url_new_window=\u00bbon\u00bb global_colors_info=\u00bb{}\u00bb custom_padding__hover=\u00bb|||\u00bb][et_pb_blurb title=\u00bb Gastro Talkers\u00bb admin_label=\u00bbLive With You Blurbs &#8211; Freddie &#8211; Blurb\u00bb _builder_version=\u00bb4.27.4&#8243; header_font=\u00bb||||||||\u00bb header_text_color=\u00bb#000000&#8243; header_font_size=\u00bb24px\u00bb header_line_height=\u00bb120%\u00bb body_font=\u00bb||||||||\u00bb body_text_color=\u00bb#a3a3a3&#8243; body_letter_spacing=\u00bb0.2px\u00bb body_line_height=\u00bb180%\u00bb body_link_text_color=\u00bb#FFFFFF\u00bb background_image=\u00bbhttps:\/\/glasscannedwines.com\/wp-content\/uploads\/2025\/02\/gastrotalkers.png\u00bb background_size=\u00bbcontain\u00bb background_position=\u00bbtop_center\u00bb text_orientation=\u00bbcenter\u00bb animation=\u00bboff\u00bb header_font_size_tablet=\u00bb18px\u00bb header_font_size_phone=\u00bb\u00bb header_font_size_last_edited=\u00bbon|tablet\u00bb z_index_tablet=\u00bb500&#8243; custom_css_blurb_image=\u00bbmargin-bottom: 0;\u00bb custom_css_blurb_title=\u00bbfont-weight: 400 !important;||padding: 0 !important;||letter-spacing: 0 !important;\u00bb border_width_all=\u00bb1px\u00bb locked=\u00bboff\u00bb global_colors_info=\u00bb{}\u00bb]<\/p>\n<p><strong>\u00a0El Glass Canned Wines, molt m\u00e9s que vi<\/strong><\/p>\n<p><em>Gastrotalkers.cat reuneix els elaboradors de vi en llauna catal\u00e0 que posen l\u2019accent en la llibertat i la sostenibilitat del nou format.<\/em><\/p>\n<p><em><\/em><\/p>\n<p><em><\/em><\/p>\n<p>[\/et_pb_blurb][\/et_pb_column][\/et_pb_row][et_pb_row column_structure=\u00bb1_3,1_3,1_3&#8243; use_custom_gutter=\u00bbon\u00bb gutter_width=\u00bb2&#8243; disabled_on=\u00bboff|off|off\u00bb _builder_version=\u00bb4.27.4&#8243; max_width=\u00bb1170px\u00bb min_height=\u00bb485px\u00bb custom_padding=\u00bb||0px\u00bb custom_css_main_element=\u00bbz-index: 15;\u00bb global_colors_info=\u00bb{}\u00bb][et_pb_column type=\u00bb1_3&#8243; _builder_version=\u00bb4.16&#8243; custom_padding=\u00bb|||\u00bb link_option_url=\u00bbhttps:\/\/thedieline.com\/blog\/2021\/1\/27\/glass-canned-wine-makes-drinking-from-cans-all-fancy-like?\u00bb link_option_url_new_window=\u00bbon\u00bb global_colors_info=\u00bb{}\u00bb custom_padding__hover=\u00bb|||\u00bb][et_pb_blurb title=\u00bbDieline\u00bb admin_label=\u00bbLive With You Blurbs &#8211; Freddie &#8211; Blurb\u00bb _builder_version=\u00bb4.27.4&#8243; header_font=\u00bb||||||||\u00bb header_text_color=\u00bb#000000&#8243; header_font_size=\u00bb24px\u00bb header_line_height=\u00bb120%\u00bb body_font=\u00bb||||||||\u00bb body_text_color=\u00bb#a3a3a3&#8243; body_letter_spacing=\u00bb0.2px\u00bb body_line_height=\u00bb180%\u00bb body_link_text_color=\u00bb#000000&#8243; background_image=\u00bbhttps:\/\/glasscannedwines.com\/wp-content\/uploads\/2025\/02\/dieline.png\u00bb background_size=\u00bbcontain\u00bb background_position=\u00bbtop_center\u00bb text_orientation=\u00bbcenter\u00bb animation=\u00bboff\u00bb header_font_size_tablet=\u00bb18px\u00bb header_font_size_phone=\u00bb\u00bb header_font_size_last_edited=\u00bbon|tablet\u00bb z_index_tablet=\u00bb500&#8243; custom_css_blurb_image=\u00bbmargin-bottom: 0;\u00bb custom_css_blurb_title=\u00bbfont-weight: 400 !important;||padding: 0 !important;||letter-spacing: 0 !important;\u00bb border_width_all=\u00bb1px\u00bb locked=\u00bboff\u00bb global_colors_info=\u00bb{}\u00bb]<\/p>\n<p><strong>Glass Canned Wines Makes Drinking From C<\/strong><strong>ans All Fancy-Like<\/strong><\/p>\n<p><em>Elegance aside, canned wine has some distinct advantages.\u00a0<\/em><\/p>\n<p>&nbsp;<\/p>\n<p>&nbsp;<\/p>\n<p>[\/et_pb_blurb][\/et_pb_column][et_pb_column type=\u00bb1_3&#8243; _builder_version=\u00bb4.16&#8243; custom_padding=\u00bb|||\u00bb link_option_url=\u00bbhttp:\/\/puigdemontroca.com\/portfolio-item\/glass-canned-wines\/\u00bb link_option_url_new_window=\u00bbon\u00bb global_colors_info=\u00bb{}\u00bb custom_padding__hover=\u00bb|||\u00bb][et_pb_blurb title=\u00bbPuigdemont Roca\u00bb admin_label=\u00bbLive With You Blurbs &#8211; Freddie &#8211; Blurb\u00bb _builder_version=\u00bb4.27.4&#8243; header_font=\u00bb||||||||\u00bb header_text_color=\u00bb#000000&#8243; header_font_size=\u00bb24px\u00bb header_line_height=\u00bb120%\u00bb body_font=\u00bb||||||||\u00bb body_text_color=\u00bb#a3a3a3&#8243; body_letter_spacing=\u00bb0.2px\u00bb body_line_height=\u00bb180%\u00bb body_link_text_color=\u00bb#000000&#8243; background_image=\u00bbhttps:\/\/glasscannedwines.com\/wp-content\/uploads\/2025\/01\/puigdemont-roca.png\u00bb background_size=\u00bbcontain\u00bb background_position=\u00bbtop_center\u00bb text_orientation=\u00bbcenter\u00bb animation=\u00bboff\u00bb header_font_size_tablet=\u00bb18px\u00bb header_font_size_phone=\u00bb\u00bb header_font_size_last_edited=\u00bbon|tablet\u00bb z_index_tablet=\u00bb500&#8243; custom_css_blurb_image=\u00bbmargin-bottom: 0;\u00bb custom_css_blurb_title=\u00bbfont-weight: 400 !important;||padding: 0 !important;||letter-spacing: 0 !important;\u00bb border_width_all=\u00bb1px\u00bb locked=\u00bboff\u00bb global_colors_info=\u00bb{}\u00bb]<\/p>\n<p><strong>Glass Canned Wines<\/strong><\/p>\n<p><em> Our client, the company Aluvinum, detected the success that canned wine is having in the US, especially among the younger public.<\/em><\/p>\n<p><em><a href=\"http:\/\/puigdemontroca.com\/portfolio-item\/glass-canned-wines\/\">Veure el diseny de les llaunes<\/a><\/em><\/p>\n<p>[\/et_pb_blurb][\/et_pb_column][et_pb_column type=\u00bb1_3&#8243; _builder_version=\u00bb4.27.4&#8243; custom_padding=\u00bb|||\u00bb link_option_url=\u00bbhttps:\/\/www.eixdiari.cat\/eixdelvi\/doc\/96936\/un-empresari-del-penedes-treu-al-mercat-vi-en-llaunes&#8211;volem-contribuir-a-la-sostenibilitat-i-facili.html\u00bb link_option_url_new_window=\u00bbon\u00bb global_colors_info=\u00bb{}\u00bb custom_padding__hover=\u00bb|||\u00bb][et_pb_blurb title=\u00bbEix Diari\u00bb admin_label=\u00bbLive With You Blurbs &#8211; Freddie &#8211; Blurb\u00bb _builder_version=\u00bb4.27.4&#8243; header_font=\u00bb||||||||\u00bb header_text_color=\u00bb#000000&#8243; header_font_size=\u00bb24px\u00bb header_line_height=\u00bb120%\u00bb body_font=\u00bb||||||||\u00bb body_text_color=\u00bb#a3a3a3&#8243; body_letter_spacing=\u00bb0.2px\u00bb body_line_height=\u00bb180%\u00bb body_link_text_color=\u00bb#FFFFFF\u00bb background_image=\u00bbhttps:\/\/glasscannedwines.com\/wp-content\/uploads\/2025\/02\/eix-diari.png\u00bb background_size=\u00bbcontain\u00bb background_position=\u00bbtop_center\u00bb text_orientation=\u00bbcenter\u00bb animation=\u00bboff\u00bb header_font_size_tablet=\u00bb18px\u00bb header_font_size_phone=\u00bb\u00bb header_font_size_last_edited=\u00bbon|tablet\u00bb z_index_tablet=\u00bb500&#8243; custom_css_blurb_image=\u00bbmargin-bottom: 0;\u00bb custom_css_blurb_title=\u00bbfont-weight: 400 !important;||padding: 0 !important;||letter-spacing: 0 !important;\u00bb border_width_all=\u00bb1px\u00bb locked=\u00bboff\u00bb global_colors_info=\u00bb{}\u00bb]<\/p>\n<p><strong>Un empresari del Pened\u00e8s treu al mercat vi en llaunes: \u00abVolem contribuir a la sostenibilitat i facilitar el consum\u00bb<\/strong><strong><\/strong><\/p>\n<p><em>Glass Canned Wines potencia les exportacions mentre al setembre arribar\u00e0 als supermercats catalans.<\/em><\/p>\n<p><em><\/em><\/p>\n<p><em><\/em><\/p>\n<p>[\/et_pb_blurb][\/et_pb_column][\/et_pb_row][et_pb_row column_structure=\u00bb1_3,1_3,1_3&#8243; use_custom_gutter=\u00bbon\u00bb gutter_width=\u00bb2&#8243; disabled_on=\u00bboff|off|off\u00bb _builder_version=\u00bb4.27.4&#8243; max_width=\u00bb1170px\u00bb min_height=\u00bb551px\u00bb custom_margin=\u00bb-39px|auto||auto||\u00bb custom_padding=\u00bb24px||0px|||\u00bb custom_css_main_element=\u00bbz-index: 15;\u00bb global_colors_info=\u00bb{}\u00bb][et_pb_column type=\u00bb1_3&#8243; _builder_version=\u00bb4.27.4&#8243; custom_padding=\u00bb|||\u00bb link_option_url=\u00bbhttps:\/\/thefoodtech.com\/desarrollo-de-nuevos-productos\/glass-canned-wines-el-vino-en-lata-que-revoluciona-el-mercado\/\u00bb link_option_url_new_window=\u00bbon\u00bb global_colors_info=\u00bb{}\u00bb custom_padding__hover=\u00bb|||\u00bb][et_pb_blurb title=\u00bbThe Food Tech\u00bb admin_label=\u00bbLive With You Blurbs &#8211; Freddie &#8211; Blurb\u00bb _builder_version=\u00bb4.27.4&#8243; header_font=\u00bb||||||||\u00bb header_text_color=\u00bb#000000&#8243; header_font_size=\u00bb24px\u00bb header_line_height=\u00bb120%\u00bb body_font=\u00bb||||||||\u00bb body_text_color=\u00bb#a3a3a3&#8243; body_letter_spacing=\u00bb0.2px\u00bb body_line_height=\u00bb180%\u00bb body_link_text_color=\u00bb#000000&#8243; background_image=\u00bbhttps:\/\/glasscannedwines.com\/wp-content\/uploads\/2025\/02\/the-food-tech.png\u00bb background_size=\u00bbcontain\u00bb background_position=\u00bbtop_center\u00bb text_orientation=\u00bbcenter\u00bb animation=\u00bboff\u00bb header_font_size_tablet=\u00bb18px\u00bb header_font_size_phone=\u00bb\u00bb header_font_size_last_edited=\u00bbon|tablet\u00bb z_index_tablet=\u00bb500&#8243; custom_css_blurb_image=\u00bbmargin-bottom: 0;\u00bb custom_css_blurb_title=\u00bbfont-weight: 400 !important;||padding: 0 !important;||letter-spacing: 0 !important;\u00bb border_width_all=\u00bb1px\u00bb locked=\u00bboff\u00bb global_colors_info=\u00bb{}\u00bb]<\/p>\n<p><strong>Glass Canned Wines: El vino en lata que revoluciona el mercado<\/strong><\/p>\n<p><em>Glass Canned Wines ofrece vinos en lata pr\u00e1cticos, sostenibles y de alta calidad.<\/em><strong><\/strong><\/p>\n<div class=\"meta\">\n<div class=\"meta__inner\">\n<div class=\"meta__inner__autor__foto\"><\/div>\n<div class=\"meta__inner__autor__foto\"><\/div>\n<div class=\"meta__inner__autor__foto\"><\/div>\n<div class=\"meta__inner__autor__foto\"><\/div>\n<div class=\"meta__inner__autor__foto\"><\/div>\n<div class=\"meta__inner__autor__foto\"><\/div>\n<div class=\"meta__inner__autor__foto\"><\/div>\n<div class=\"meta__inner__autor__foto\"><\/div>\n<div class=\"meta__inner__autor__foto\"><\/div>\n<div class=\"meta__inner__autor__foto\"><\/div>\n<\/div>\n<\/div>\n<p>[\/et_pb_blurb][\/et_pb_column][et_pb_column type=\u00bb1_3&#8243; _builder_version=\u00bb4.27.4&#8243; custom_padding=\u00bb|||\u00bb link_option_url=\u00bbhttps:\/\/www.youtube.com\/watch?v=EL6BI6O8O9E\u00bb link_option_url_new_window=\u00bbon\u00bb global_colors_info=\u00bb{}\u00bb custom_padding__hover=\u00bb|||\u00bb][et_pb_blurb title=\u00bbPlaneta Marmita\u00bb admin_label=\u00bbLive With You Blurbs &#8211; Freddie &#8211; Blurb\u00bb _builder_version=\u00bb4.27.4&#8243; header_font=\u00bb||||||||\u00bb header_text_color=\u00bb#000000&#8243; header_font_size=\u00bb24px\u00bb header_line_height=\u00bb120%\u00bb body_font=\u00bb||||||||\u00bb body_text_color=\u00bb#a3a3a3&#8243; body_letter_spacing=\u00bb0.2px\u00bb body_line_height=\u00bb180%\u00bb body_link_text_color=\u00bb#000000&#8243; background_image=\u00bbhttps:\/\/glasscannedwines.com\/wp-content\/uploads\/2025\/02\/plnetamarmita.png\u00bb background_size=\u00bbcontain\u00bb background_position=\u00bbtop_center\u00bb text_orientation=\u00bbcenter\u00bb animation=\u00bboff\u00bb header_font_size_tablet=\u00bb18px\u00bb header_font_size_phone=\u00bb\u00bb header_font_size_last_edited=\u00bbon|tablet\u00bb z_index_tablet=\u00bb500&#8243; custom_css_blurb_image=\u00bbmargin-bottom: 0;\u00bb custom_css_blurb_title=\u00bbfont-weight: 400 !important;||padding: 0 !important;||letter-spacing: 0 !important;\u00bb border_width_all=\u00bb1px\u00bb locked=\u00bboff\u00bb global_colors_info=\u00bb{}\u00bb]<\/p>\n<p><strong>\u00a1Vinos en lata de Glass Canned Wines!<\/strong><\/p>\n<p><em> A ra\u00edz del art\u00edculo sobre si es mejor el vino envasado en lata o en botella, hemos contactado con Joan Anton de Glass Canned Wines.<\/em><\/p>\n<p><em><\/em><\/p>\n<p>&nbsp;<\/p>\n<p>[\/et_pb_blurb][\/et_pb_column][et_pb_column type=\u00bb1_3&#8243; _builder_version=\u00bb4.16&#8243; custom_padding=\u00bb|||\u00bb link_option_url=\u00bbhttps:\/\/www.thenewbarcelonapost.com\/ca\/glass-vol-popularitzar-el-consum-de-vi-en-llauna-a-catalunya\/\u00bb link_option_url_new_window=\u00bbon\u00bb global_colors_info=\u00bb{}\u00bb custom_padding__hover=\u00bb|||\u00bb][et_pb_blurb title=\u00bb The New Barcelona Post\u00bb admin_label=\u00bbLive With You Blurbs &#8211; Freddie &#8211; Blurb\u00bb _builder_version=\u00bb4.27.4&#8243; header_font=\u00bb||||||||\u00bb header_text_color=\u00bb#000000&#8243; header_font_size=\u00bb24px\u00bb header_line_height=\u00bb120%\u00bb body_font=\u00bb||||||||\u00bb body_text_color=\u00bb#a3a3a3&#8243; body_letter_spacing=\u00bb0.2px\u00bb body_line_height=\u00bb180%\u00bb body_link_text_color=\u00bb#FFFFFF\u00bb background_image=\u00bbhttps:\/\/glasscannedwines.com\/wp-content\/uploads\/2025\/02\/thenewbarcelonapost.png\u00bb background_size=\u00bbcontain\u00bb background_position=\u00bbtop_center\u00bb text_orientation=\u00bbcenter\u00bb animation=\u00bboff\u00bb header_font_size_tablet=\u00bb18px\u00bb header_font_size_phone=\u00bb\u00bb header_font_size_last_edited=\u00bbon|tablet\u00bb z_index_tablet=\u00bb500&#8243; custom_css_blurb_image=\u00bbmargin-bottom: 0;\u00bb custom_css_blurb_title=\u00bbfont-weight: 400 !important;||padding: 0 !important;||letter-spacing: 0 !important;\u00bb border_width_all=\u00bb1px\u00bb locked=\u00bboff\u00bb global_colors_info=\u00bb{}\u00bb]<\/p>\n<p><strong>Glass vol popularitzar el consum de vi en llauna a Catalunya<\/strong><\/p>\n<p><em>Neix una empresa de vins en llauna que vol portar a Catalunya una nova moda.<\/em><\/p>\n<p><em><\/em><\/p>\n<p><em><\/em><\/p>\n<p><em><\/em><\/p>\n<p>[\/et_pb_blurb][\/et_pb_column][\/et_pb_row][et_pb_row column_structure=\u00bb1_3,1_3,1_3&#8243; use_custom_gutter=\u00bbon\u00bb gutter_width=\u00bb2&#8243; disabled_on=\u00bboff|off|off\u00bb _builder_version=\u00bb4.27.4&#8243; max_width=\u00bb1170px\u00bb min_height=\u00bb512.6px\u00bb custom_margin=\u00bb-107px|auto||auto||\u00bb custom_padding=\u00bb||0px|||\u00bb custom_css_main_element=\u00bbz-index: 15;\u00bb global_colors_info=\u00bb{}\u00bb][et_pb_column type=\u00bb1_3&#8243; _builder_version=\u00bb4.16&#8243; custom_padding=\u00bb|||\u00bb link_option_url=\u00bbhttps:\/\/exterior.cat\/noticies\/glass-els-vins-en-llauna-arriben-amb-forca-a-catalunya\/\u00bb link_option_url_new_window=\u00bbon\u00bb global_colors_info=\u00bb{}\u00bb custom_padding__hover=\u00bb|||\u00bb][et_pb_blurb title=\u00bb Exterior\u00bb admin_label=\u00bbLive With You Blurbs &#8211; Freddie &#8211; Blurb\u00bb _builder_version=\u00bb4.27.4&#8243; header_font=\u00bb||||||||\u00bb header_text_color=\u00bb#000000&#8243; header_font_size=\u00bb24px\u00bb header_line_height=\u00bb120%\u00bb body_font=\u00bb||||||||\u00bb body_text_color=\u00bb#a3a3a3&#8243; body_letter_spacing=\u00bb0.2px\u00bb body_line_height=\u00bb180%\u00bb body_link_text_color=\u00bb#000000&#8243; background_image=\u00bbhttps:\/\/glasscannedwines.com\/wp-content\/uploads\/2025\/02\/exterior-1.png\u00bb background_size=\u00bbcontain\u00bb background_position=\u00bbtop_center\u00bb text_orientation=\u00bbcenter\u00bb animation=\u00bboff\u00bb header_font_size_tablet=\u00bb18px\u00bb header_font_size_phone=\u00bb\u00bb header_font_size_last_edited=\u00bbon|tablet\u00bb z_index_tablet=\u00bb500&#8243; custom_css_blurb_image=\u00bbmargin-bottom: 0;\u00bb custom_css_blurb_title=\u00bbfont-weight: 400 !important;||padding: 0 !important;||letter-spacing: 0 !important;\u00bb border_width_all=\u00bb1px\u00bb locked=\u00bboff\u00bb global_colors_info=\u00bb{}\u00bb]<\/p>\n<p><strong>Glass, els vins en llauna arriben amb for\u00e7a<\/strong><\/p>\n<p><em>Fa dos anys, Joan Anton Romero es trobava a un celler de Santa Clara, on va observar, per primer cop, un grup de gent consumint vi en llauna.<\/em><\/p>\n<p>&nbsp;<\/p>\n<p>&nbsp;<\/p>\n<p>&nbsp;<\/p>\n<p>[\/et_pb_blurb][\/et_pb_column][et_pb_column type=\u00bb1_3&#8243; _builder_version=\u00bb4.16&#8243; custom_padding=\u00bb|||\u00bb link_option_url=\u00bbhttps:\/\/www.viaempresa.cat\/innovacio\/glass-vi-llauna_2146939_102.html\u00bb link_option_url_new_window=\u00bbon\u00bb global_colors_info=\u00bb{}\u00bb custom_padding__hover=\u00bb|||\u00bb][et_pb_blurb title=\u00bbViaempresa\u00bb admin_label=\u00bbLive With You Blurbs &#8211; Freddie &#8211; Blurb\u00bb _builder_version=\u00bb4.27.4&#8243; header_font=\u00bb||||||||\u00bb header_text_color=\u00bb#000000&#8243; header_font_size=\u00bb24px\u00bb header_line_height=\u00bb120%\u00bb body_font=\u00bb||||||||\u00bb body_text_color=\u00bb#a3a3a3&#8243; body_letter_spacing=\u00bb0.2px\u00bb body_line_height=\u00bb180%\u00bb body_link_text_color=\u00bb#000000&#8243; background_image=\u00bbhttps:\/\/glasscannedwines.com\/wp-content\/uploads\/2025\/02\/viamepresa-1.png\u00bb background_size=\u00bbcontain\u00bb background_position=\u00bbtop_center\u00bb text_orientation=\u00bbcenter\u00bb animation=\u00bboff\u00bb header_font_size_tablet=\u00bb18px\u00bb header_font_size_phone=\u00bb\u00bb header_font_size_last_edited=\u00bbon|tablet\u00bb z_index_tablet=\u00bb500&#8243; custom_css_blurb_image=\u00bbmargin-bottom: 0;\u00bb custom_css_blurb_title=\u00bbfont-weight: 400 !important;||padding: 0 !important;||letter-spacing: 0 !important;\u00bb border_width_all=\u00bb1px\u00bb locked=\u00bboff\u00bb global_colors_info=\u00bb{}\u00bb]<\/p>\n<p><strong>Vi enllaunat, de Silicon Valley a Catalunya<\/strong><\/p>\n<p><em>Glass utilitza envasos d\u2019alumini 100% reciclables amb un revestiment intern per evitar que el vi agafi gust met\u00e0l\u00b7lic.<\/em><\/p>\n<p>&nbsp;<\/p>\n<p>&nbsp;<\/p>\n<p>[\/et_pb_blurb][\/et_pb_column][et_pb_column type=\u00bb1_3&#8243; _builder_version=\u00bb4.27.4&#8243; custom_padding=\u00bb|||\u00bb link_option_url=\u00bbhttps:\/\/www.newspackaging.es\/glass-canned-wines-el-vino-en-lata-segun-puigdemont-roca\/\u00bb link_option_url_new_window=\u00bbon\u00bb global_colors_info=\u00bb{}\u00bb custom_padding__hover=\u00bb|||\u00bb][et_pb_blurb title=\u00bbNews Packaging\u00bb admin_label=\u00bbLive With You Blurbs &#8211; Freddie &#8211; Blurb\u00bb _builder_version=\u00bb4.27.4&#8243; header_font=\u00bb||||||||\u00bb header_text_color=\u00bb#000000&#8243; header_font_size=\u00bb24px\u00bb header_line_height=\u00bb120%\u00bb body_font=\u00bb||||||||\u00bb body_text_color=\u00bb#a3a3a3&#8243; body_letter_spacing=\u00bb0.2px\u00bb body_line_height=\u00bb180%\u00bb body_link_text_color=\u00bb#000000&#8243; background_image=\u00bbhttps:\/\/glasscannedwines.com\/wp-content\/uploads\/2025\/02\/news-packaging.png\u00bb background_size=\u00bbcontain\u00bb background_position=\u00bbtop_center\u00bb text_orientation=\u00bbcenter\u00bb animation=\u00bboff\u00bb header_font_size_tablet=\u00bb18px\u00bb header_font_size_phone=\u00bb\u00bb header_font_size_last_edited=\u00bbon|tablet\u00bb z_index_tablet=\u00bb500&#8243; custom_css_blurb_image=\u00bbmargin-bottom: 0;\u00bb custom_css_blurb_title=\u00bbfont-weight: 400 !important;||padding: 0 !important;||letter-spacing: 0 !important;\u00bb border_width_all=\u00bb1px\u00bb locked=\u00bboff\u00bb global_colors_info=\u00bb{}\u00bb]<\/p>\n<p><strong>Glass Canned Wines, el vino en lata seg\u00fan Puigdemont Roca<\/strong><\/p>\n<p><em>La empresa Aluvinum detect\u00f3 el \u00e9xito que est\u00e1 teniendo el vino enlatado en EEUU.<\/em><\/p>\n<p><em><\/em><\/p>\n<p><em><\/em><\/p>\n<p><em><a href=\"https:\/\/www.newspackaging.es\/glass-canned-wines-el-vino-en-lata-segun-puigdemont-roca\/\">Llegir l\u2019article sencer<\/a><\/em><\/p>\n<p>[\/et_pb_blurb][\/et_pb_column][\/et_pb_row][et_pb_row column_structure=\u00bb1_3,1_3,1_3&#8243; use_custom_gutter=\u00bbon\u00bb gutter_width=\u00bb2&#8243; disabled_on=\u00bboff|off|off\u00bb _builder_version=\u00bb4.27.4&#8243; max_width=\u00bb1170px\u00bb min_height=\u00bb386.6px\u00bb custom_margin=\u00bb-68px|auto||auto||\u00bb custom_padding=\u00bb||0px\u00bb custom_css_main_element=\u00bbz-index: 15;\u00bb global_colors_info=\u00bb{}\u00bb][et_pb_column type=\u00bb1_3&#8243; _builder_version=\u00bb4.27.4&#8243; custom_padding=\u00bb|||\u00bb link_option_url=\u00bbhttps:\/\/www.timeout.es\/barcelona\/es\/noticias\/llega-el-vino-en-lata-y-lo-trae-una-empresa-catalana-021821&#8243; link_option_url_new_window=\u00bbon\u00bb global_colors_info=\u00bb{}\u00bb custom_padding__hover=\u00bb|||\u00bb][et_pb_blurb title=\u00bb Timeout Barcelona\u00bb admin_label=\u00bbLive With You Blurbs &#8211; Freddie &#8211; Blurb\u00bb _builder_version=\u00bb4.27.4&#8243; header_font=\u00bb||||||||\u00bb header_text_color=\u00bb#000000&#8243; header_font_size=\u00bb24px\u00bb header_line_height=\u00bb120%\u00bb body_font=\u00bb||||||||\u00bb body_text_color=\u00bb#a3a3a3&#8243; body_letter_spacing=\u00bb0.2px\u00bb body_line_height=\u00bb180%\u00bb body_link_text_color=\u00bb#000000&#8243; background_image=\u00bbhttps:\/\/glasscannedwines.com\/wp-content\/uploads\/2025\/02\/timeout.png\u00bb background_size=\u00bbcontain\u00bb background_position=\u00bbtop_center\u00bb text_orientation=\u00bbcenter\u00bb animation=\u00bboff\u00bb header_font_size_tablet=\u00bb18px\u00bb header_font_size_phone=\u00bb\u00bb header_font_size_last_edited=\u00bbon|tablet\u00bb z_index_tablet=\u00bb500&#8243; custom_css_blurb_image=\u00bbmargin-bottom: 0;\u00bb custom_css_blurb_title=\u00bbfont-weight: 400 !important;||padding: 0 !important;||letter-spacing: 0 !important;\u00bb border_width_all=\u00bb1px\u00bb locked=\u00bboff\u00bb global_colors_info=\u00bb{}\u00bb]<\/p>\n<p><strong>Llega el vino en lata y lo trae una empresa catalana<\/strong><\/p>\n<p><em>La empresa de Sant Sadurn\u00ed Glass Canned Wines empezar\u00e1 a comercializar vino en lata.<\/em><\/p>\n<p>&nbsp;<\/p>\n<p>&nbsp;<\/p>\n<p>[\/et_pb_blurb][\/et_pb_column][et_pb_column type=\u00bb1_3&#8243; _builder_version=\u00bb4.16&#8243; custom_padding=\u00bb|||\u00bb link_option_url=\u00bbhttps:\/\/www.eleconomista.es\/empresas-finanzas\/noticias\/11065709\/02\/21\/Triunfara-el-vino-en-lata-Esta-empresa-catalana-empezara-a-distribuir-cinco-tipos-diferentes-en-Espana.html\u00bb link_option_url_new_window=\u00bbon\u00bb global_colors_info=\u00bb{}\u00bb custom_padding__hover=\u00bb|||\u00bb][et_pb_blurb title=\u00bbEl Economista\u00bb admin_label=\u00bbLive With You Blurbs &#8211; Freddie &#8211; Blurb\u00bb _builder_version=\u00bb4.27.4&#8243; header_font=\u00bb||||||||\u00bb header_text_color=\u00bb#000000&#8243; header_font_size=\u00bb24px\u00bb header_line_height=\u00bb120%\u00bb body_font=\u00bb||||||||\u00bb body_text_color=\u00bb#a3a3a3&#8243; body_letter_spacing=\u00bb0.2px\u00bb body_line_height=\u00bb180%\u00bb body_link_text_color=\u00bb#FFFFFF\u00bb background_image=\u00bbhttps:\/\/glasscannedwines.com\/wp-content\/uploads\/2025\/02\/eleconomista.png\u00bb background_size=\u00bbcontain\u00bb background_position=\u00bbtop_center\u00bb text_orientation=\u00bbcenter\u00bb animation=\u00bboff\u00bb header_font_size_tablet=\u00bb18px\u00bb header_font_size_phone=\u00bb\u00bb header_font_size_last_edited=\u00bbon|tablet\u00bb z_index_tablet=\u00bb500&#8243; custom_css_blurb_image=\u00bbmargin-bottom: 0;\u00bb custom_css_blurb_title=\u00bbfont-weight: 400 !important;||padding: 0 !important;||letter-spacing: 0 !important;\u00bb border_width_all=\u00bb1px\u00bb locked=\u00bboff\u00bb global_colors_info=\u00bb{}\u00bb]<\/p>\n<p><strong>\u00bfTriunfar\u00e1 el vino en lata?<\/strong><\/p>\n<p><em>Glass Canned Wines, una empresa catalana, empezar\u00e1 a distribuir cinco tipos diferentes de vino en Espa\u00f1a.<\/em><\/p>\n<p><em><\/em><\/p>\n<p><em><\/em><\/p>\n<p><em><\/em><\/p>\n<p>[\/et_pb_blurb][\/et_pb_column][et_pb_column type=\u00bb1_3&#8243; _builder_version=\u00bb4.16&#8243; custom_padding=\u00bb|||\u00bb link_option_url=\u00bbhttps:\/\/vadevi.elmon.cat\/actualitat\/vi-catala-ara-llauna-24556\/\u00bb link_option_url_new_window=\u00bbon\u00bb global_colors_info=\u00bb{}\u00bb custom_padding__hover=\u00bb|||\u00bb][et_pb_blurb title=\u00bbVaDeVi\u00bb admin_label=\u00bbLive With You Blurbs &#8211; Freddie &#8211; Blurb\u00bb _builder_version=\u00bb4.27.4&#8243; header_font=\u00bb||||||||\u00bb header_text_color=\u00bb#000000&#8243; header_font_size=\u00bb24px\u00bb header_line_height=\u00bb120%\u00bb body_font=\u00bb||||||||\u00bb body_text_color=\u00bb#a3a3a3&#8243; body_letter_spacing=\u00bb0.2px\u00bb body_line_height=\u00bb180%\u00bb body_link_text_color=\u00bb#FFFFFF\u00bb background_image=\u00bbhttps:\/\/glasscannedwines.com\/wp-content\/uploads\/2025\/02\/vadevi.png\u00bb background_size=\u00bbcontain\u00bb background_position=\u00bbtop_center\u00bb text_orientation=\u00bbcenter\u00bb animation=\u00bboff\u00bb header_font_size_tablet=\u00bb18px\u00bb header_font_size_phone=\u00bb\u00bb header_font_size_last_edited=\u00bbon|tablet\u00bb z_index_tablet=\u00bb500&#8243; custom_css_blurb_image=\u00bbmargin-bottom: 0;\u00bb custom_css_blurb_title=\u00bbfont-weight: 400 !important;||padding: 0 !important;||letter-spacing: 0 !important;\u00bb border_width_all=\u00bb1px\u00bb locked=\u00bboff\u00bb global_colors_info=\u00bb{}\u00bb]<\/p>\n<p><b>Vi catal\u00e0, ara tamb\u00e9 en llauna<\/b><\/p>\n<p><em>Una empresa de Sant Sadrn\u00ed d\u2019Anoia posar\u00e0 a la venta aquest any cinc vins joves del Pened\u00e8s, tres tranquils i dos escumosos de 250ml.<\/em><em><\/em><\/p>\n<p><em><\/em><\/p>\n<p><em><\/em><\/p>\n<p><em><\/em><\/p>\n<p>[\/et_pb_blurb][\/et_pb_column][\/et_pb_row][et_pb_row column_structure=\u00bb1_3,1_3,1_3&#8243; use_custom_gutter=\u00bbon\u00bb gutter_width=\u00bb2&#8243; disabled_on=\u00bboff|off|off\u00bb _builder_version=\u00bb4.27.4&#8243; max_width=\u00bb1170px\u00bb custom_padding=\u00bb||0px\u00bb custom_css_main_element=\u00bbz-index: 15;\u00bb global_colors_info=\u00bb{}\u00bb][et_pb_column type=\u00bb1_3&#8243; _builder_version=\u00bb4.27.4&#8243; custom_padding=\u00bb|||\u00bb link_option_url=\u00bbhttps:\/\/www.magradacatalunya.cat\/2021\/02\/23\/una-empresa-catalana-comercialitza-vins-del-penedes-en-llauna\/\u00bb link_option_url_new_window=\u00bbon\u00bb global_colors_info=\u00bb{}\u00bb custom_padding__hover=\u00bb|||\u00bb][et_pb_blurb title=\u00bbM&#8217;agrada Catalunya\u00bb admin_label=\u00bbLive With You Blurbs &#8211; Freddie &#8211; Blurb\u00bb _builder_version=\u00bb4.27.4&#8243; header_font=\u00bb||||||||\u00bb header_text_color=\u00bb#000000&#8243; header_font_size=\u00bb24px\u00bb header_line_height=\u00bb120%\u00bb body_font=\u00bb||||||||\u00bb body_text_color=\u00bb#a3a3a3&#8243; body_letter_spacing=\u00bb0.2px\u00bb body_line_height=\u00bb180%\u00bb body_link_text_color=\u00bb#000000&#8243; background_image=\u00bbhttps:\/\/glasscannedwines.com\/wp-content\/uploads\/2025\/02\/Diapositiva1-2.png\u00bb background_size=\u00bbcontain\u00bb background_position=\u00bbtop_center\u00bb text_orientation=\u00bbcenter\u00bb animation=\u00bboff\u00bb header_font_size_tablet=\u00bb18px\u00bb header_font_size_phone=\u00bb\u00bb header_font_size_last_edited=\u00bbon|tablet\u00bb z_index_tablet=\u00bb500&#8243; custom_css_blurb_image=\u00bbmargin-bottom: 0;\u00bb custom_css_blurb_title=\u00bbfont-weight: 400 !important;||padding: 0 !important;||letter-spacing: 0 !important;\u00bb border_width_all=\u00bb1px\u00bb locked=\u00bboff\u00bb global_colors_info=\u00bb{}\u00bb]<\/p>\n<p><strong>Una empresa catalana comercialitza vins del Pened\u00e8s en llauna<\/strong><\/p>\n<p><em>Una empresa de Sant Sadurn\u00ed de Noia ha decidit comercialitzar vins enllaunats.<\/em><\/p>\n<p>&nbsp;<\/p>\n<p>&nbsp;<\/p>\n<p>[\/et_pb_blurb][\/et_pb_column][et_pb_column type=\u00bb1_3&#8243; _builder_version=\u00bb4.16&#8243; custom_padding=\u00bb|||\u00bb link_option_url=\u00bbhttps:\/\/www.tendenciashoy.com\/gastronomia\/bodegas\/llegan-los-vinos-envasados-en-latas.html\u00bb link_option_url_new_window=\u00bbon\u00bb global_colors_info=\u00bb{}\u00bb custom_padding__hover=\u00bb|||\u00bb][et_pb_blurb title=\u00bbTendencias hoy\u00bb admin_label=\u00bbLive With You Blurbs &#8211; Freddie &#8211; Blurb\u00bb _builder_version=\u00bb4.27.4&#8243; header_font=\u00bb||||||||\u00bb header_text_color=\u00bb#000000&#8243; header_font_size=\u00bb24px\u00bb header_line_height=\u00bb120%\u00bb body_font=\u00bb||||||||\u00bb body_text_color=\u00bb#a3a3a3&#8243; body_letter_spacing=\u00bb0.2px\u00bb body_line_height=\u00bb180%\u00bb body_link_text_color=\u00bb#000000&#8243; background_image=\u00bbhttps:\/\/glasscannedwines.com\/wp-content\/uploads\/2025\/02\/tendencias-hoy-1.png\u00bb background_size=\u00bbcontain\u00bb background_position=\u00bbtop_center\u00bb text_orientation=\u00bbcenter\u00bb animation=\u00bboff\u00bb header_font_size_tablet=\u00bb18px\u00bb header_font_size_phone=\u00bb\u00bb header_font_size_last_edited=\u00bbon|tablet\u00bb z_index_tablet=\u00bb500&#8243; custom_css_blurb_image=\u00bbmargin-bottom: 0;\u00bb custom_css_blurb_title=\u00bbfont-weight: 400 !important;||padding: 0 !important;||letter-spacing: 0 !important;\u00bb border_width_all=\u00bb1px\u00bb locked=\u00bboff\u00bb global_colors_info=\u00bb{}\u00bb]<\/p>\n<p><strong>El secreto de los vinos envasados en latas<\/strong><\/p>\n<p><em>La tendencia de vinos de calidad envasado en latas de aluminio crece velozmente, una opci\u00f3n que combina ecolog\u00eda, sostenibilidad y audacia.<\/em><\/p>\n<p>&nbsp;<\/p>\n<p>&nbsp;<\/p>\n<p>[\/et_pb_blurb][\/et_pb_column][et_pb_column type=\u00bb1_3&#8243; _builder_version=\u00bb4.16&#8243; custom_padding=\u00bb|||\u00bb link_option_url=\u00bbhttps:\/\/objetto.info\/glasscannedwines-vino-en-lata\u00bb link_option_url_new_window=\u00bbon\u00bb global_colors_info=\u00bb{}\u00bb custom_padding__hover=\u00bb|||\u00bb][et_pb_blurb title=\u00bbObjetto\u00bb admin_label=\u00bbLive With You Blurbs &#8211; Freddie &#8211; Blurb\u00bb _builder_version=\u00bb4.27.4&#8243; header_font=\u00bb||||||||\u00bb header_text_color=\u00bb#000000&#8243; header_font_size=\u00bb24px\u00bb header_line_height=\u00bb120%\u00bb body_font=\u00bb||||||||\u00bb body_text_color=\u00bb#a3a3a3&#8243; body_letter_spacing=\u00bb0.2px\u00bb body_line_height=\u00bb180%\u00bb body_link_text_color=\u00bb#FFFFFF\u00bb background_image=\u00bbhttps:\/\/glasscannedwines.com\/wp-content\/uploads\/2025\/02\/objetto.png\u00bb background_size=\u00bbcontain\u00bb background_position=\u00bbtop_center\u00bb text_orientation=\u00bbcenter\u00bb animation=\u00bboff\u00bb header_font_size_tablet=\u00bb18px\u00bb header_font_size_phone=\u00bb\u00bb header_font_size_last_edited=\u00bbon|tablet\u00bb z_index_tablet=\u00bb500&#8243; custom_css_blurb_image=\u00bbmargin-bottom: 0;\u00bb custom_css_blurb_title=\u00bbfont-weight: 400 !important;||padding: 0 !important;||letter-spacing: 0 !important;\u00bb border_width_all=\u00bb1px\u00bb locked=\u00bboff\u00bb global_colors_info=\u00bb{}\u00bb]<\/p>\n<p><strong>\u00abGlassCannedWines\u00bb, la marca que apuesta por el vino enlatado<\/strong><\/p>\n<p><em>La empresa Aluvinum lanza la nueva marca que pretende innovar el recipiente del vino.<\/em><\/p>\n<p><em><\/em><\/p>\n<p><em><\/em><\/p>\n<p><em><\/em><\/p>\n<p>[\/et_pb_blurb][\/et_pb_column][\/et_pb_row][et_pb_row column_structure=\u00bb1_3,1_3,1_3&#8243; use_custom_gutter=\u00bbon\u00bb gutter_width=\u00bb2&#8243; disabled_on=\u00bboff|off|off\u00bb _builder_version=\u00bb4.27.4&#8243; max_width=\u00bb1170px\u00bb custom_padding=\u00bb||0px\u00bb custom_css_main_element=\u00bbz-index: 15;\u00bb global_colors_info=\u00bb{}\u00bb][et_pb_column type=\u00bb1_3&#8243; _builder_version=\u00bb4.27.4&#8243; custom_padding=\u00bb|||\u00bb link_option_url=\u00bbhttps:\/\/gastronomicament.cat\/ca\/vi-enllaunat-de-silicon-valley-als-paisos-catalans\u00bb link_option_url_new_window=\u00bbon\u00bb global_colors_info=\u00bb{}\u00bb custom_padding__hover=\u00bb|||\u00bb][et_pb_blurb title=\u00bb Gastron\u00f2micament\u00bb admin_label=\u00bbLive With You Blurbs &#8211; Freddie &#8211; Blurb\u00bb _builder_version=\u00bb4.27.4&#8243; header_font=\u00bb||||||||\u00bb header_text_color=\u00bb#000000&#8243; header_font_size=\u00bb20px\u00bb header_line_height=\u00bb120%\u00bb body_font=\u00bb||||||||\u00bb body_text_color=\u00bb#a3a3a3&#8243; body_letter_spacing=\u00bb0.2px\u00bb body_line_height=\u00bb180%\u00bb body_link_text_color=\u00bb#000000&#8243; background_image=\u00bbhttps:\/\/glasscannedwines.com\/wp-content\/uploads\/2025\/02\/gastronomiacament-1.png\u00bb background_size=\u00bbcontain\u00bb background_position=\u00bbtop_center\u00bb text_orientation=\u00bbcenter\u00bb animation=\u00bboff\u00bb header_font_size_tablet=\u00bb18px\u00bb header_font_size_phone=\u00bb\u00bb header_font_size_last_edited=\u00bbon|tablet\u00bb z_index_tablet=\u00bb500&#8243; custom_css_blurb_image=\u00bbmargin-bottom: 0;\u00bb custom_css_blurb_title=\u00bbfont-weight: 400 !important;||padding: 0 !important;||letter-spacing: 0 !important;\u00bb border_width_all=\u00bb1px\u00bb locked=\u00bboff\u00bb global_colors_info=\u00bb{}\u00bb]<\/p>\n<p><strong>Vi enllaunat, de Silicon Valley als Pa\u00efsos Catalans<\/strong><\/p>\n<p><em>Els vins Glass es venen dins llaunes. Una nova marca nascuda a Catalunya que ofereix vi jove envasat en alumini.<\/em><\/p>\n<p><em><a href=\"https:\/\/gastronomicament.cat\/ca\/vi-enllaunat-de-silicon-valley-als-paisos-catalans\">Leer el art\u00edculo entero<\/a><\/em><\/p>\n<p>[\/et_pb_blurb][\/et_pb_column][et_pb_column type=\u00bb1_3&#8243; _builder_version=\u00bb4.16&#8243; custom_padding=\u00bb|||\u00bb link_option_url=\u00bbhttps:\/\/www.lavanguardia.com\/comer\/beber\/20210415\/6735693\/moda-vino-lata-conquista-bodegas-espanolas.html\u00bb link_option_url_new_window=\u00bbon\u00bb global_colors_info=\u00bb{}\u00bb custom_padding__hover=\u00bb|||\u00bb][et_pb_blurb title=\u00bb La Vanguardia\u00bb admin_label=\u00bbLive With You Blurbs &#8211; Freddie &#8211; Blurb\u00bb _builder_version=\u00bb4.27.4&#8243; header_font=\u00bb||||||||\u00bb header_text_color=\u00bb#000000&#8243; header_font_size=\u00bb24px\u00bb header_line_height=\u00bb120%\u00bb body_font=\u00bb||||||||\u00bb body_text_color=\u00bb#a3a3a3&#8243; body_letter_spacing=\u00bb0.2px\u00bb body_line_height=\u00bb180%\u00bb body_link_text_color=\u00bb#000000&#8243; background_image=\u00bbhttps:\/\/glasscannedwines.com\/wp-content\/uploads\/2025\/02\/COMER-vanguardia-1.png\u00bb background_size=\u00bbcontain\u00bb background_position=\u00bbtop_center\u00bb text_orientation=\u00bbcenter\u00bb animation=\u00bboff\u00bb header_font_size_tablet=\u00bb18px\u00bb header_font_size_phone=\u00bb\u00bb header_font_size_last_edited=\u00bbon|tablet\u00bb z_index_tablet=\u00bb500&#8243; custom_css_blurb_image=\u00bbmargin-bottom: 0;\u00bb custom_css_blurb_title=\u00bbfont-weight: 400 !important;||padding: 0 !important;||letter-spacing: 0 !important;\u00bb border_width_all=\u00bb1px\u00bb locked=\u00bboff\u00bb global_colors_info=\u00bb{}\u00bb]<\/p>\n<p><strong>La moda del vino en lata conquista las bodegas espa\u00f1olas<\/strong><\/p>\n<p><em>El vino en lata\u00a0vuelve a emerger, especialmente en mercados como el norteamericano.\u00a0<\/em><\/p>\n<p>&nbsp;<\/p>\n<p>[\/et_pb_blurb][\/et_pb_column][et_pb_column type=\u00bb1_3&#8243; _builder_version=\u00bb4.16&#8243; custom_padding=\u00bb|||\u00bb link_option_url=\u00bbhttps:\/\/beastoftraal.com\/2021\/02\/17\/a-wine-in-any-other-pack\/\u00bb link_option_url_new_window=\u00bbon\u00bb global_colors_info=\u00bb{}\u00bb custom_padding__hover=\u00bb|||\u00bb][et_pb_blurb title=\u00bbBeastoftraal\u00bb admin_label=\u00bbLive With You Blurbs &#8211; Freddie &#8211; Blurb\u00bb _builder_version=\u00bb4.27.4&#8243; header_font=\u00bb||||||||\u00bb header_text_color=\u00bb#000000&#8243; header_font_size=\u00bb24px\u00bb header_line_height=\u00bb120%\u00bb body_font=\u00bb||||||||\u00bb body_text_color=\u00bb#a3a3a3&#8243; body_letter_spacing=\u00bb0.2px\u00bb body_line_height=\u00bb180%\u00bb body_link_text_color=\u00bb#FFFFFF\u00bb background_image=\u00bbhttps:\/\/glasscannedwines.com\/wp-content\/uploads\/2025\/02\/beastoftraal-1.png\u00bb background_size=\u00bbcontain\u00bb background_position=\u00bbtop_center\u00bb text_orientation=\u00bbcenter\u00bb animation=\u00bboff\u00bb header_font_size_tablet=\u00bb18px\u00bb header_font_size_phone=\u00bb\u00bb header_font_size_last_edited=\u00bbon|tablet\u00bb z_index_tablet=\u00bb500&#8243; custom_css_blurb_image=\u00bbmargin-bottom: 0;\u00bb custom_css_blurb_title=\u00bbfont-weight: 400 !important;||padding: 0 !important;||letter-spacing: 0 !important;\u00bb border_width_all=\u00bb1px\u00bb locked=\u00bboff\u00bb global_colors_info=\u00bb{}\u00bb]<\/p>\n<p><b>A wine in any other pack?<\/b><\/p>\n<p><em>Traditionally, wine has always been associated with glass bottles and glass serving containers (it\u2019s literally called \u2018wine glass\u2019!).<\/em><\/p>\n<p><em><\/em><\/p>\n<p><em><\/em><\/p>\n<p><em><\/em><\/p>\n<p>[\/et_pb_blurb][\/et_pb_column][\/et_pb_row][et_pb_row column_structure=\u00bb1_3,1_3,1_3&#8243; use_custom_gutter=\u00bbon\u00bb gutter_width=\u00bb2&#8243; disabled_on=\u00bboff|off|off\u00bb _builder_version=\u00bb4.27.4&#8243; max_width=\u00bb1170px\u00bb custom_padding=\u00bb||0px\u00bb custom_css_main_element=\u00bbz-index: 15;\u00bb global_colors_info=\u00bb{}\u00bb][et_pb_column type=\u00bb1_3&#8243; _builder_version=\u00bb4.27.4&#8243; custom_padding=\u00bb|||\u00bb link_option_url=\u00bbhttps:\/\/www.ivoox.com\/vi-llauna-d-aluvinum-wines-audios-mp3_rf_64226615_1.html\u00bb link_option_url_new_window=\u00bbon\u00bb global_colors_info=\u00bb{}\u00bb custom_padding__hover=\u00bb|||\u00bb][et_pb_blurb title=\u00bbR\u00e0dio Sant Sadurn\u00ed\u00bb admin_label=\u00bbLive With You Blurbs &#8211; Freddie &#8211; Blurb\u00bb _builder_version=\u00bb4.27.4&#8243; header_font=\u00bb||||||||\u00bb header_text_color=\u00bb#000000&#8243; header_font_size=\u00bb24px\u00bb header_line_height=\u00bb120%\u00bb body_font=\u00bb||||||||\u00bb body_text_color=\u00bb#a3a3a3&#8243; body_letter_spacing=\u00bb0.2px\u00bb body_line_height=\u00bb180%\u00bb body_link_text_color=\u00bb#000000&#8243; background_image=\u00bbhttps:\/\/glasscannedwines.com\/wp-content\/uploads\/2025\/02\/ptv.png\u00bb background_size=\u00bbcontain\u00bb background_position=\u00bbtop_center\u00bb text_orientation=\u00bbcenter\u00bb animation=\u00bboff\u00bb header_font_size_tablet=\u00bb18px\u00bb header_font_size_phone=\u00bb\u00bb header_font_size_last_edited=\u00bbon|tablet\u00bb z_index_tablet=\u00bb500&#8243; custom_css_blurb_image=\u00bbmargin-bottom: 0;\u00bb custom_css_blurb_title=\u00bbfont-weight: 400 !important;||padding: 0 !important;||letter-spacing: 0 !important;\u00bb border_width_all=\u00bb1px\u00bb locked=\u00bboff\u00bb global_colors_info=\u00bb{}\u00bb]<\/p>\n<p><strong>Vi en llauna, d\u2019Aluvinum Wines<\/strong><em><\/em><\/p>\n<p><em>Al Pened\u00e8s en Xarxa, hem descobert un nou projecte a nivell catal\u00e0: el vi en llauna, impulsat per l\u2019empresa sadurninenca Aluvinum Wines.<\/em><em><\/em><\/p>\n<p><em><\/em><\/p>\n<p><em><\/em><\/p>\n<p><em><\/em><\/p>\n<p>[\/et_pb_blurb][\/et_pb_column][et_pb_column type=\u00bb1_3&#8243; _builder_version=\u00bb4.27.4&#8243; custom_padding=\u00bb|||\u00bb link_option_url=\u00bbhttps:\/\/www.alfa-editores.com.mx\/vino-lata\/\u00bb link_option_url_new_window=\u00bbon\u00bb global_colors_info=\u00bb{}\u00bb custom_padding__hover=\u00bb|||\u00bb][et_pb_blurb title=\u00bbAlfa Editores\u00bb admin_label=\u00bbLive With You Blurbs &#8211; Freddie &#8211; Blurb\u00bb _builder_version=\u00bb4.27.4&#8243; header_font=\u00bb||||||||\u00bb header_text_color=\u00bb#000000&#8243; header_font_size=\u00bb24px\u00bb header_line_height=\u00bb120%\u00bb body_font=\u00bb||||||||\u00bb body_text_color=\u00bb#a3a3a3&#8243; body_letter_spacing=\u00bb0.2px\u00bb body_line_height=\u00bb180%\u00bb body_link_text_color=\u00bb#000000&#8243; background_image=\u00bbhttps:\/\/glasscannedwines.com\/wp-content\/uploads\/2025\/02\/alfa-editores.png\u00bb background_size=\u00bbcontain\u00bb background_position=\u00bbtop_center\u00bb text_orientation=\u00bbcenter\u00bb animation=\u00bboff\u00bb header_font_size_tablet=\u00bb18px\u00bb header_font_size_phone=\u00bb\u00bb header_font_size_last_edited=\u00bbon|tablet\u00bb z_index_tablet=\u00bb500&#8243; custom_css_blurb_image=\u00bbmargin-bottom: 0;\u00bb custom_css_blurb_title=\u00bbfont-weight: 400 !important;||padding: 0 !important;||letter-spacing: 0 !important;\u00bb border_width_all=\u00bb1px\u00bb locked=\u00bboff\u00bb global_colors_info=\u00bb{}\u00bb]<\/p>\n<p><strong>Llega el vino en lata de la mano de Glass Canned Wines<\/strong><\/p>\n<p><em>La empresa de Sant Sadurn\u00ed Glass Canned Wines empezar\u00e1 a comercializar las cinco variedades de vino en lata.<\/em><\/p>\n<p><em><\/em><\/p>\n<p><em><\/em><\/p>\n<p><em><\/em><\/p>\n<p>[\/et_pb_blurb][\/et_pb_column][et_pb_column type=\u00bb1_3&#8243; _builder_version=\u00bb4.27.4&#8243; custom_padding=\u00bb|||\u00bb link_option_url=\u00bbhttps:\/\/www.marketer.ge\/aluvinum-wines-ghvino-aluminis-qilashi\/\u00bb link_option_url_new_window=\u00bbon\u00bb global_colors_info=\u00bb{}\u00bb custom_padding__hover=\u00bb|||\u00bb][et_pb_blurb title=\u00bbMarketer.ge\u00bb admin_label=\u00bbLive With You Blurbs &#8211; Freddie &#8211; Blurb\u00bb _builder_version=\u00bb4.27.4&#8243; header_font=\u00bb||||||||\u00bb header_text_color=\u00bb#000000&#8243; header_font_size=\u00bb24px\u00bb header_line_height=\u00bb120%\u00bb body_font=\u00bb||||||||\u00bb body_text_color=\u00bb#a3a3a3&#8243; body_letter_spacing=\u00bb0.2px\u00bb body_line_height=\u00bb180%\u00bb body_link_text_color=\u00bb#FFFFFF\u00bb background_image=\u00bbhttps:\/\/glasscannedwines.com\/wp-content\/uploads\/2025\/02\/marketer.png\u00bb background_size=\u00bbcontain\u00bb background_position=\u00bbtop_center\u00bb text_orientation=\u00bbcenter\u00bb animation=\u00bboff\u00bb header_font_size_tablet=\u00bb18px\u00bb header_font_size_phone=\u00bb\u00bb header_font_size_last_edited=\u00bbon|tablet\u00bb z_index_tablet=\u00bb500&#8243; custom_css_blurb_image=\u00bbmargin-bottom: 0;\u00bb custom_css_blurb_title=\u00bbfont-weight: 400 !important;||padding: 0 !important;||letter-spacing: 0 !important;\u00bb border_width_all=\u00bb1px\u00bb locked=\u00bboff\u00bb global_colors_info=\u00bb{}\u00bb]<\/p>\n<p><strong>Aluvinum Wines &#8211; \u00abEl disseny original de les ampolles de vi\u00bb<\/strong><\/p>\n<p><em>\u00a0Glass Canned Wines arriba a Ge\u00f2rgia.\u00a0<\/em><em><\/em><\/p>\n<p><em><\/em><\/p>\n<p><em><\/em><\/p>\n<p><em><\/em><\/p>\n<p><em><\/em><\/p>\n<p>[\/et_pb_blurb][\/et_pb_column][\/et_pb_row][et_pb_row column_structure=\u00bb1_3,1_3,1_3&#8243; use_custom_gutter=\u00bbon\u00bb gutter_width=\u00bb2&#8243; disabled_on=\u00bboff|off|off\u00bb _builder_version=\u00bb4.27.4&#8243; max_width=\u00bb1170px\u00bb custom_padding=\u00bb||0px\u00bb custom_css_main_element=\u00bbz-index: 15;\u00bb global_colors_info=\u00bb{}\u00bb][et_pb_column type=\u00bb1_3&#8243; _builder_version=\u00bb4.27.4&#8243; custom_padding=\u00bb|||\u00bb link_option_url=\u00bbhttps:\/\/www.alimarket.es\/alimentacion\/noticia\/327756\/el-vino-en-lata-protagoniza-un-nuevo-proyecto-de-emprendimiento\u00bb link_option_url_new_window=\u00bbon\u00bb global_colors_info=\u00bb{}\u00bb custom_padding__hover=\u00bb|||\u00bb][et_pb_blurb title=\u00bbAlimarket\u00bb admin_label=\u00bbLive With You Blurbs &#8211; Freddie &#8211; Blurb\u00bb _builder_version=\u00bb4.27.4&#8243; header_font=\u00bb||||||||\u00bb header_text_color=\u00bb#000000&#8243; header_font_size=\u00bb24px\u00bb header_line_height=\u00bb120%\u00bb body_font=\u00bb||||||||\u00bb body_text_color=\u00bb#a3a3a3&#8243; body_letter_spacing=\u00bb0.2px\u00bb body_line_height=\u00bb180%\u00bb body_link_text_color=\u00bb#000000&#8243; background_image=\u00bbhttps:\/\/glasscannedwines.com\/wp-content\/uploads\/2025\/02\/alimarket.png\u00bb background_size=\u00bbcontain\u00bb background_position=\u00bbtop_center\u00bb text_orientation=\u00bbcenter\u00bb animation=\u00bboff\u00bb header_font_size_tablet=\u00bb18px\u00bb header_font_size_phone=\u00bb\u00bb header_font_size_last_edited=\u00bbon|tablet\u00bb z_index_tablet=\u00bb500&#8243; custom_css_blurb_image=\u00bbmargin-bottom: 0;\u00bb custom_css_blurb_title=\u00bbfont-weight: 400 !important;||padding: 0 !important;||letter-spacing: 0 !important;\u00bb border_width_all=\u00bb1px\u00bb locked=\u00bboff\u00bb global_colors_info=\u00bb{}\u00bb]<\/p>\n<p><strong>El vino en lata protagoniza un nuevo proyecto de emprendimiento<\/strong><\/p>\n<p><em>La empresa barcelonesa de nueva constituci\u00f3n Aluvinum apuesta por el vino en lata, que est\u00e1 cosechando atractivas tasas de crecimiento en mercados como el estadounidense.<\/em><\/p>\n<p><a href=\"https:\/\/www.alimarket.es\/alimentacion\/noticia\/327756\/el-vino-en-lata-protagoniza-un-nuevo-proyecto-de-emprendimiento\">Leer el art\u00edculo entero<\/a><\/p>\n<p>[\/et_pb_blurb][\/et_pb_column][et_pb_column type=\u00bb1_3&#8243; _builder_version=\u00bb4.27.4&#8243; custom_padding=\u00bb|||\u00bb link_option_url=\u00bbhttps:\/\/news.unipack.ru\/82740\/\u00bb link_option_url_new_window=\u00bbon\u00bb global_colors_info=\u00bb{}\u00bb custom_padding__hover=\u00bb|||\u00bb][et_pb_blurb title=\u00bb News Unipack\u00bb admin_label=\u00bbLive With You Blurbs &#8211; Freddie &#8211; Blurb\u00bb _builder_version=\u00bb4.27.4&#8243; header_font=\u00bb||||||||\u00bb header_text_color=\u00bb#000000&#8243; header_font_size=\u00bb24px\u00bb header_line_height=\u00bb120%\u00bb body_font=\u00bb||||||||\u00bb body_text_color=\u00bb#a3a3a3&#8243; body_letter_spacing=\u00bb0.2px\u00bb body_line_height=\u00bb180%\u00bb body_link_text_color=\u00bb#000000&#8243; background_image=\u00bbhttps:\/\/glasscannedwines.com\/wp-content\/uploads\/2025\/02\/unipack.png\u00bb background_size=\u00bbcontain\u00bb background_position=\u00bbtop_center\u00bb text_orientation=\u00bbcenter\u00bb animation=\u00bboff\u00bb header_font_size_tablet=\u00bb18px\u00bb header_font_size_phone=\u00bb\u00bb header_font_size_last_edited=\u00bbon|tablet\u00bb z_index_tablet=\u00bb500&#8243; custom_css_blurb_image=\u00bbmargin-bottom: 0;\u00bb custom_css_blurb_title=\u00bbfont-weight: 400 !important;||padding: 0 !important;||letter-spacing: 0 !important;\u00bb border_width_all=\u00bb1px\u00bb locked=\u00bboff\u00bb global_colors_info=\u00bb{}\u00bb]<\/p>\n<p><strong>\u0411\u043e\u043a\u0430\u043b \u0432\u0438\u043d\u0430 Aluvinum, \u00abCopa de vi Aluvinum\u00bb<\/strong><\/p>\n<p><em>L&#8217;ag\u00e8ncia espanyola Puigdemont Roca ha desenvolupat un disseny d&#8217;envasos per als vins Aluvinum en llauna.<\/em><\/p>\n<p>&nbsp;<\/p>\n<p>[\/et_pb_blurb][\/et_pb_column][et_pb_column type=\u00bb1_3&#8243; _builder_version=\u00bb4.27.4&#8243; custom_padding=\u00bb|||\u00bb link_option_url=\u00bbhttps:\/\/www.3cat.cat\/3cat\/vi-enllaunat-uns-emprenedors-de-lalt-penedes-estan-a-punt-de-posar-lo-al-mercat\/audio\/1090417\/#.YAiqDKDVgAs.twitter\u00bb link_option_url_new_window=\u00bbon\u00bb global_colors_info=\u00bb{}\u00bb custom_padding__hover=\u00bb|||\u00bb][et_pb_blurb title=\u00bbCatalunya R\u00e0dio\u00bb admin_label=\u00bbLive With You Blurbs &#8211; Freddie &#8211; Blurb\u00bb _builder_version=\u00bb4.27.4&#8243; header_font=\u00bb||||||||\u00bb header_text_align=\u00bbcenter\u00bb header_text_color=\u00bb#000000&#8243; header_font_size=\u00bb24px\u00bb header_line_height=\u00bb120%\u00bb body_font=\u00bb||||||||\u00bb body_text_align=\u00bbcenter\u00bb body_text_color=\u00bb#a3a3a3&#8243; body_letter_spacing=\u00bb0.2px\u00bb body_line_height=\u00bb180%\u00bb body_link_text_color=\u00bb#FFFFFF\u00bb background_image=\u00bbhttps:\/\/glasscannedwines.com\/wp-content\/uploads\/2025\/02\/catradio.png\u00bb background_size=\u00bbcontain\u00bb background_position=\u00bbtop_center\u00bb text_orientation=\u00bbcenter\u00bb animation=\u00bboff\u00bb header_font_size_tablet=\u00bb18px\u00bb header_font_size_phone=\u00bb\u00bb header_font_size_last_edited=\u00bbon|tablet\u00bb z_index_tablet=\u00bb500&#8243; custom_css_blurb_image=\u00bbmargin-bottom: 0;\u00bb custom_css_blurb_title=\u00bbfont-weight: 400 !important;||padding: 0 !important;||letter-spacing: 0 !important;\u00bb border_width_all=\u00bb1px\u00bb locked=\u00bboff\u00bb global_colors_info=\u00bb{}\u00bb]<\/p>\n<p><strong>Vi enllaunat? Uns emprenedors de l\u2019Alt Pened\u00e8s estan a punt de posar-lo al mercat<\/strong><\/p>\n<p><em>El seu promotor, Joan Anton Romero, est\u00e0 conven\u00e7ut que el producte tindr\u00e0 sortida.<\/em><\/p>\n<p><em><\/em><\/p>\n<p><em><\/em><\/p>\n<p><em><\/em><\/p>\n<p>[\/et_pb_blurb][\/et_pb_column][\/et_pb_row][et_pb_row column_structure=\u00bb1_3,1_3,1_3&#8243; use_custom_gutter=\u00bbon\u00bb gutter_width=\u00bb2&#8243; disabled_on=\u00bboff|off|off\u00bb _builder_version=\u00bb4.27.4&#8243; max_width=\u00bb1170px\u00bb custom_padding=\u00bb||0px\u00bb custom_css_main_element=\u00bbz-index: 15;\u00bb global_colors_info=\u00bb{}\u00bb][et_pb_column type=\u00bb1_3&#8243; _builder_version=\u00bb4.27.4&#8243; custom_padding=\u00bb|||\u00bb link_option_url=\u00bbhttps:\/\/www.youtube.com\/watch?v=mkyOQS90tMQ\u00bb link_option_url_new_window=\u00bbon\u00bb global_colors_info=\u00bb{}\u00bb custom_padding__hover=\u00bb|||\u00bb][et_pb_blurb title=\u00bbAlb\u00e0 de B\u00f2lit\u00bb admin_label=\u00bbLive With You Blurbs &#8211; Freddie &#8211; Blurb\u00bb _builder_version=\u00bb4.27.4&#8243; header_font=\u00bb||||||||\u00bb header_text_color=\u00bb#000000&#8243; header_font_size=\u00bb24px\u00bb header_line_height=\u00bb120%\u00bb body_font=\u00bb||||||||\u00bb body_text_color=\u00bb#a3a3a3&#8243; body_letter_spacing=\u00bb0.2px\u00bb body_line_height=\u00bb180%\u00bb body_link_text_color=\u00bb#000000&#8243; background_image=\u00bbhttps:\/\/glasscannedwines.com\/wp-content\/uploads\/2025\/02\/8tv.png\u00bb background_size=\u00bbcontain\u00bb background_position=\u00bbtop_center\u00bb text_orientation=\u00bbcenter\u00bb animation=\u00bboff\u00bb header_font_size_tablet=\u00bb18px\u00bb header_font_size_phone=\u00bb\u00bb header_font_size_last_edited=\u00bbon|tablet\u00bb z_index_tablet=\u00bb500&#8243; custom_css_blurb_image=\u00bbmargin-bottom: 0;\u00bb custom_css_blurb_title=\u00bbfont-weight: 400 !important;||padding: 0 !important;||letter-spacing: 0 !important;\u00bb border_width_all=\u00bb1px\u00bb locked=\u00bboff\u00bb global_colors_info=\u00bb{}\u00bb]<\/p>\n<p><strong>Els vins en llauna de Glass de Joan Anton Romero<\/strong><\/p>\n<p><em><span dir=\"auto\" class=\"style-scope yt-formatted-string\">EL programa<span>\u00a0<\/span><\/span>#Alb\u00e0DeB\u00f2lit<span dir=\"auto\" class=\"style-scope yt-formatted-string\">\u200b<\/span><span dir=\"auto\" class=\"style-scope yt-formatted-string\"><span>\u00a0<\/span>de Toni Alb\u00e0 visita Joan Anton Romero, responsable de la nova marca de vins en llauna Glass.\u00a0<\/span><\/em><\/p>\n<p><em><span dir=\"auto\" class=\"style-scope yt-formatted-string\"><\/span><\/em><\/p>\n<p><em><span dir=\"auto\" class=\"style-scope yt-formatted-string\"><\/span><\/em><\/p>\n<p><em><span dir=\"auto\" class=\"style-scope yt-formatted-string\"><\/span><\/em><\/p>\n<p>[\/et_pb_blurb][\/et_pb_column][et_pb_column type=\u00bb1_3&#8243; _builder_version=\u00bb4.16&#8243; custom_padding=\u00bb|||\u00bb link_option_url=\u00bbhttps:\/\/www.alimarket.es\/alimentacion\/noticia\/327756\/el-vino-en-lata-protagoniza-un-nuevo-proyecto-de-emprendimiento\u00bb link_option_url_new_window=\u00bbon\u00bb global_colors_info=\u00bb{}\u00bb custom_padding__hover=\u00bb|||\u00bb][\/et_pb_column][et_pb_column type=\u00bb1_3&#8243; _builder_version=\u00bb4.16&#8243; custom_padding=\u00bb|||\u00bb link_option_url_new_window=\u00bbon\u00bb global_colors_info=\u00bb{}\u00bb custom_padding__hover=\u00bb|||\u00bb][\/et_pb_column][\/et_pb_row][\/et_pb_section]<\/p>\n","protected":false},"excerpt":{"rendered":"<p>RECONOCIMIENTOS INTERNATIONAL CANNED WINE COMPETITION CALIFORNIA (EE.UU.) &#8211; AGOSTO 2021 MEDALLA DE ORO AL EMBALAJE MEDALLA DE ORO AL ESCUMOSO BLANCO PENTAWARDS COMPETITION LONDRES (REINO UNIDO) &#8211; SEPTIEMBRE 2021 MEDALLA DE PLATA LONDON WINE COMPETITION LONDRES (REINO UNIDO) &#8211; ABRIL 2022 MEDALLA DE PLATA AL ESCUMOSO BLANCO MEDALLA DE BRONCE AL ESCUMOSO ROSADO MEDALLA DE [&hellip;]<\/p>\n","protected":false},"author":1,"featured_media":0,"parent":0,"menu_order":0,"comment_status":"closed","ping_status":"closed","template":"","meta":{"_et_pb_use_builder":"on","_et_pb_old_content":"","_et_gb_content_width":"","footnotes":""},"class_list":["post-340176","page","type-page","status-publish","hentry"],"yoast_head":"<!-- This site is optimized with the Yoast SEO plugin v27.4 - https:\/\/yoast.com\/product\/yoast-seo-wordpress\/ -->\n<title>Reconocimientos y prensa - Glass Canned Wines<\/title>\n<meta name=\"robots\" content=\"index, follow, max-snippet:-1, max-image-preview:large, max-video-preview:-1\" \/>\n<link rel=\"canonical\" href=\"https:\/\/glasscannedwines.com\/es\/prensa\/\" \/>\n<meta property=\"og:locale\" content=\"es_ES\" \/>\n<meta property=\"og:type\" content=\"article\" \/>\n<meta property=\"og:title\" content=\"Reconocimientos y prensa - Glass Canned Wines\" \/>\n<meta property=\"og:description\" content=\"RECONOCIMIENTOS INTERNATIONAL CANNED WINE COMPETITION CALIFORNIA (EE.UU.) - AGOSTO 2021 MEDALLA DE ORO AL EMBALAJE MEDALLA DE ORO AL ESCUMOSO BLANCO PENTAWARDS COMPETITION LONDRES (REINO UNIDO) - SEPTIEMBRE 2021 MEDALLA DE PLATA LONDON WINE COMPETITION LONDRES (REINO UNIDO) - ABRIL 2022 MEDALLA DE PLATA AL ESCUMOSO BLANCO MEDALLA DE BRONCE AL ESCUMOSO ROSADO MEDALLA DE [&hellip;]\" \/>\n<meta property=\"og:url\" content=\"https:\/\/glasscannedwines.com\/es\/prensa\/\" \/>\n<meta property=\"og:site_name\" content=\"Glass Canned Wines\" \/>\n<meta property=\"article:publisher\" content=\"https:\/\/www.facebook.com\/Glasscannedwines\" \/>\n<meta property=\"article:modified_time\" content=\"2025-07-03T09:13:59+00:00\" \/>\n<meta property=\"og:image\" content=\"https:\/\/glasscannedwines.com\/wp-content\/uploads\/2025\/01\/Diseno-sin-titulo-2.png\" \/>\n\t<meta property=\"og:image:width\" content=\"1920\" \/>\n\t<meta property=\"og:image:height\" content=\"1080\" \/>\n\t<meta property=\"og:image:type\" content=\"image\/png\" \/>\n<meta name=\"twitter:card\" content=\"summary_large_image\" \/>\n<meta name=\"twitter:label1\" content=\"Tiempo de lectura\" \/>\n\t<meta name=\"twitter:data1\" content=\"31 minutos\" \/>\n<script type=\"application\/ld+json\" class=\"yoast-schema-graph\">{\"@context\":\"https:\\\/\\\/schema.org\",\"@graph\":[{\"@type\":\"WebPage\",\"@id\":\"https:\\\/\\\/glasscannedwines.com\\\/es\\\/prensa\\\/\",\"url\":\"https:\\\/\\\/glasscannedwines.com\\\/es\\\/prensa\\\/\",\"name\":\"Reconocimientos y prensa - Glass Canned Wines\",\"isPartOf\":{\"@id\":\"https:\\\/\\\/glasscannedwines.com\\\/#website\"},\"primaryImageOfPage\":{\"@id\":\"https:\\\/\\\/glasscannedwines.com\\\/es\\\/prensa\\\/#primaryimage\"},\"image\":{\"@id\":\"https:\\\/\\\/glasscannedwines.com\\\/es\\\/prensa\\\/#primaryimage\"},\"thumbnailUrl\":\"https:\\\/\\\/glasscannedwines.com\\\/wp-content\\\/uploads\\\/2025\\\/01\\\/Diseno-sin-titulo-2-300x169.png\",\"datePublished\":\"2021-05-28T14:53:00+00:00\",\"dateModified\":\"2025-07-03T09:13:59+00:00\",\"breadcrumb\":{\"@id\":\"https:\\\/\\\/glasscannedwines.com\\\/es\\\/prensa\\\/#breadcrumb\"},\"inLanguage\":\"es\",\"potentialAction\":[{\"@type\":\"ReadAction\",\"target\":[\"https:\\\/\\\/glasscannedwines.com\\\/es\\\/prensa\\\/\"]}]},{\"@type\":\"ImageObject\",\"inLanguage\":\"es\",\"@id\":\"https:\\\/\\\/glasscannedwines.com\\\/es\\\/prensa\\\/#primaryimage\",\"url\":\"https:\\\/\\\/glasscannedwines.com\\\/wp-content\\\/uploads\\\/2025\\\/01\\\/Diseno-sin-titulo-2-300x169.png\",\"contentUrl\":\"https:\\\/\\\/glasscannedwines.com\\\/wp-content\\\/uploads\\\/2025\\\/01\\\/Diseno-sin-titulo-2-300x169.png\"},{\"@type\":\"BreadcrumbList\",\"@id\":\"https:\\\/\\\/glasscannedwines.com\\\/es\\\/prensa\\\/#breadcrumb\",\"itemListElement\":[{\"@type\":\"ListItem\",\"position\":1,\"name\":\"Inici\",\"item\":\"https:\\\/\\\/glasscannedwines.com\\\/es\\\/\"},{\"@type\":\"ListItem\",\"position\":2,\"name\":\"Reconocimientos y prensa\"}]},{\"@type\":\"WebSite\",\"@id\":\"https:\\\/\\\/glasscannedwines.com\\\/#website\",\"url\":\"https:\\\/\\\/glasscannedwines.com\\\/\",\"name\":\"Glass Canned Wines\",\"description\":\"Vi on vulguis\",\"publisher\":{\"@id\":\"https:\\\/\\\/glasscannedwines.com\\\/#organization\"},\"potentialAction\":[{\"@type\":\"SearchAction\",\"target\":{\"@type\":\"EntryPoint\",\"urlTemplate\":\"https:\\\/\\\/glasscannedwines.com\\\/?s={search_term_string}\"},\"query-input\":{\"@type\":\"PropertyValueSpecification\",\"valueRequired\":true,\"valueName\":\"search_term_string\"}}],\"inLanguage\":\"es\"},{\"@type\":\"Organization\",\"@id\":\"https:\\\/\\\/glasscannedwines.com\\\/#organization\",\"name\":\"Glass Canned Wines\",\"url\":\"https:\\\/\\\/glasscannedwines.com\\\/\",\"logo\":{\"@type\":\"ImageObject\",\"inLanguage\":\"es\",\"@id\":\"https:\\\/\\\/glasscannedwines.com\\\/#\\\/schema\\\/logo\\\/image\\\/\",\"url\":\"https:\\\/\\\/glasscannedwines.com\\\/wp-content\\\/uploads\\\/2021\\\/06\\\/logo.jpg\",\"contentUrl\":\"https:\\\/\\\/glasscannedwines.com\\\/wp-content\\\/uploads\\\/2021\\\/06\\\/logo.jpg\",\"width\":80,\"height\":30,\"caption\":\"Glass Canned Wines\"},\"image\":{\"@id\":\"https:\\\/\\\/glasscannedwines.com\\\/#\\\/schema\\\/logo\\\/image\\\/\"},\"sameAs\":[\"https:\\\/\\\/www.facebook.com\\\/Glasscannedwines\",\"https:\\\/\\\/www.instagram.com\\\/glasscannedwines\\\/\",\"https:\\\/\\\/www.linkedin.com\\\/company\\\/glasscannedwines\"]}]}<\/script>\n<!-- \/ Yoast SEO plugin. -->","yoast_head_json":{"title":"Reconocimientos y prensa - Glass Canned Wines","robots":{"index":"index","follow":"follow","max-snippet":"max-snippet:-1","max-image-preview":"max-image-preview:large","max-video-preview":"max-video-preview:-1"},"canonical":"https:\/\/glasscannedwines.com\/es\/prensa\/","og_locale":"es_ES","og_type":"article","og_title":"Reconocimientos y prensa - Glass Canned Wines","og_description":"RECONOCIMIENTOS INTERNATIONAL CANNED WINE COMPETITION CALIFORNIA (EE.UU.) - AGOSTO 2021 MEDALLA DE ORO AL EMBALAJE MEDALLA DE ORO AL ESCUMOSO BLANCO PENTAWARDS COMPETITION LONDRES (REINO UNIDO) - SEPTIEMBRE 2021 MEDALLA DE PLATA LONDON WINE COMPETITION LONDRES (REINO UNIDO) - ABRIL 2022 MEDALLA DE PLATA AL ESCUMOSO BLANCO MEDALLA DE BRONCE AL ESCUMOSO ROSADO MEDALLA DE [&hellip;]","og_url":"https:\/\/glasscannedwines.com\/es\/prensa\/","og_site_name":"Glass Canned Wines","article_publisher":"https:\/\/www.facebook.com\/Glasscannedwines","article_modified_time":"2025-07-03T09:13:59+00:00","og_image":[{"width":1920,"height":1080,"url":"https:\/\/glasscannedwines.com\/wp-content\/uploads\/2025\/01\/Diseno-sin-titulo-2.png","type":"image\/png"}],"twitter_card":"summary_large_image","twitter_misc":{"Tiempo de lectura":"31 minutos"},"schema":{"@context":"https:\/\/schema.org","@graph":[{"@type":"WebPage","@id":"https:\/\/glasscannedwines.com\/es\/prensa\/","url":"https:\/\/glasscannedwines.com\/es\/prensa\/","name":"Reconocimientos y prensa - Glass Canned Wines","isPartOf":{"@id":"https:\/\/glasscannedwines.com\/#website"},"primaryImageOfPage":{"@id":"https:\/\/glasscannedwines.com\/es\/prensa\/#primaryimage"},"image":{"@id":"https:\/\/glasscannedwines.com\/es\/prensa\/#primaryimage"},"thumbnailUrl":"https:\/\/glasscannedwines.com\/wp-content\/uploads\/2025\/01\/Diseno-sin-titulo-2-300x169.png","datePublished":"2021-05-28T14:53:00+00:00","dateModified":"2025-07-03T09:13:59+00:00","breadcrumb":{"@id":"https:\/\/glasscannedwines.com\/es\/prensa\/#breadcrumb"},"inLanguage":"es","potentialAction":[{"@type":"ReadAction","target":["https:\/\/glasscannedwines.com\/es\/prensa\/"]}]},{"@type":"ImageObject","inLanguage":"es","@id":"https:\/\/glasscannedwines.com\/es\/prensa\/#primaryimage","url":"https:\/\/glasscannedwines.com\/wp-content\/uploads\/2025\/01\/Diseno-sin-titulo-2-300x169.png","contentUrl":"https:\/\/glasscannedwines.com\/wp-content\/uploads\/2025\/01\/Diseno-sin-titulo-2-300x169.png"},{"@type":"BreadcrumbList","@id":"https:\/\/glasscannedwines.com\/es\/prensa\/#breadcrumb","itemListElement":[{"@type":"ListItem","position":1,"name":"Inici","item":"https:\/\/glasscannedwines.com\/es\/"},{"@type":"ListItem","position":2,"name":"Reconocimientos y prensa"}]},{"@type":"WebSite","@id":"https:\/\/glasscannedwines.com\/#website","url":"https:\/\/glasscannedwines.com\/","name":"Glass Canned Wines","description":"Vi on vulguis","publisher":{"@id":"https:\/\/glasscannedwines.com\/#organization"},"potentialAction":[{"@type":"SearchAction","target":{"@type":"EntryPoint","urlTemplate":"https:\/\/glasscannedwines.com\/?s={search_term_string}"},"query-input":{"@type":"PropertyValueSpecification","valueRequired":true,"valueName":"search_term_string"}}],"inLanguage":"es"},{"@type":"Organization","@id":"https:\/\/glasscannedwines.com\/#organization","name":"Glass Canned Wines","url":"https:\/\/glasscannedwines.com\/","logo":{"@type":"ImageObject","inLanguage":"es","@id":"https:\/\/glasscannedwines.com\/#\/schema\/logo\/image\/","url":"https:\/\/glasscannedwines.com\/wp-content\/uploads\/2021\/06\/logo.jpg","contentUrl":"https:\/\/glasscannedwines.com\/wp-content\/uploads\/2021\/06\/logo.jpg","width":80,"height":30,"caption":"Glass Canned Wines"},"image":{"@id":"https:\/\/glasscannedwines.com\/#\/schema\/logo\/image\/"},"sameAs":["https:\/\/www.facebook.com\/Glasscannedwines","https:\/\/www.instagram.com\/glasscannedwines\/","https:\/\/www.linkedin.com\/company\/glasscannedwines"]}]}},"_links":{"self":[{"href":"https:\/\/glasscannedwines.com\/es\/wp-json\/wp\/v2\/pages\/340176","targetHints":{"allow":["GET"]}}],"collection":[{"href":"https:\/\/glasscannedwines.com\/es\/wp-json\/wp\/v2\/pages"}],"about":[{"href":"https:\/\/glasscannedwines.com\/es\/wp-json\/wp\/v2\/types\/page"}],"author":[{"embeddable":true,"href":"https:\/\/glasscannedwines.com\/es\/wp-json\/wp\/v2\/users\/1"}],"replies":[{"embeddable":true,"href":"https:\/\/glasscannedwines.com\/es\/wp-json\/wp\/v2\/comments?post=340176"}],"version-history":[{"count":21,"href":"https:\/\/glasscannedwines.com\/es\/wp-json\/wp\/v2\/pages\/340176\/revisions"}],"predecessor-version":[{"id":388536,"href":"https:\/\/glasscannedwines.com\/es\/wp-json\/wp\/v2\/pages\/340176\/revisions\/388536"}],"wp:attachment":[{"href":"https:\/\/glasscannedwines.com\/es\/wp-json\/wp\/v2\/media?parent=340176"}],"curies":[{"name":"wp","href":"https:\/\/api.w.org\/{rel}","templated":true}]}}